{"id":35332,"date":"2026-03-10T17:55:39","date_gmt":"2026-03-10T17:55:39","guid":{"rendered":"https:\/\/atinainmobiliaria.testdcip.com\/properties\/local-commercial-de-250-m2-a-grao-de-gandia-avec-de-grandes-possibilites-dinvestissement\/"},"modified":"2025-11-21T11:45:56","modified_gmt":"2025-11-21T11:45:56","slug":"local-commercial-de-250-m2-a-grao-de-gandia-avec-de-grandes-possibilites-dinvestissement","status":"publish","type":"properties","link":"https:\/\/atinainmobiliaria.com\/fr\/properties\/local-commercial-de-250-m2-a-grao-de-gandia-avec-de-grandes-possibilites-dinvestissement\/","title":{"rendered":"Local commercial de 250 m2 \u00e0 Grao de Gandia avec de grandes possibilit\u00e9s d&rsquo;investissement."},"content":{"rendered":"<p>Local commercial de 250 m\u00b2 situ\u00e9 \u00e0 Grao de Gandia, id\u00e9al pour les investisseurs gr\u00e2ce \u00e0 son excellent emplacement et \u00e0 sa polyvalence. Cette propri\u00e9t\u00e9 est situ\u00e9e dans une position strat\u00e9gique, entour\u00e9e de services cl\u00e9s tels que les \u00e9coles, la piscine municipale couverte, l&rsquo;\u00e9cole de musique et le centre de sant\u00e9, ce qui garantit un flux constant d&rsquo;activit\u00e9 dans la zone. <\/p>\n<p>Les locaux ont une fa\u00e7ade de 6 m\u00e8tres avec acc\u00e8s par une porte \u00e9lectrique et sont r\u00e9partis sur deux niveaux : un rez-de-chauss\u00e9e de 98 m\u00b2 et une mezzanine de 152 m\u00b2, \u00e0 laquelle on acc\u00e8de par un escalier pratique. L&rsquo;espace n&rsquo;est actuellement pas am\u00e9nag\u00e9, ce qui permet de l&rsquo;adapter compl\u00e8tement aux besoins du nouveau propri\u00e9taire. <\/p>\n<p>En outre, un projet de cr\u00e9ation de 20 salles de stockage est en cours dans les locaux, ce qui repr\u00e9sente une opportunit\u00e9 exceptionnelle pour les investisseurs souhaitant obtenir des revenus suppl\u00e9mentaires gr\u00e2ce \u00e0 la location ou \u00e0 la vente de ces espaces.<\/p>\n<p>Une propri\u00e9t\u00e9 avec un grand potentiel et de multiples possibilit\u00e9s dans l&rsquo;une des zones les plus dynamiques de Grao de Gandia, ne laissez pas passer cette opportunit\u00e9 ! <\/p>\n","protected":false},"featured_media":112057,"template":"","meta":[],"property_categories":[197],"city":[7],"zone":[8],"property-type":[209],"property-state":[199],"class_list":["post-35332","properties","type-properties","status-publish","has-post-thumbnail","hentry","property_categories-vendre","city-gandia","zone-grao-de-gandia","property-type-locaux-commerciaux","property-state-vente"],"_links":{"self":[{"href":"https:\/\/atinainmobiliaria.com\/fr\/wp-json\/wp\/v2\/properties\/35332","targetHints":{"allow":["GET"]}}],"collection":[{"href":"https:\/\/atinainmobiliaria.com\/fr\/wp-json\/wp\/v2\/properties"}],"about":[{"href":"https:\/\/atinainmobiliaria.com\/fr\/wp-json\/wp\/v2\/types\/properties"}],"wp:featuredmedia":[{"embeddable":true,"href":"https:\/\/atinainmobiliaria.com\/fr\/wp-json\/wp\/v2\/media\/112057"}],"wp:attachment":[{"href":"https:\/\/atinainmobiliaria.com\/fr\/wp-json\/wp\/v2\/media?parent=35332"}],"wp:term":[{"taxonomy":"property_categories","embeddable":true,"href":"https:\/\/atinainmobiliaria.com\/fr\/wp-json\/wp\/v2\/property_categories?post=35332"},{"taxonomy":"city","embeddable":true,"href":"https:\/\/atinainmobiliaria.com\/fr\/wp-json\/wp\/v2\/city?post=35332"},{"taxonomy":"zone","embeddable":true,"href":"https:\/\/atinainmobiliaria.com\/fr\/wp-json\/wp\/v2\/zone?post=35332"},{"taxonomy":"property-type","embeddable":true,"href":"https:\/\/atinainmobiliaria.com\/fr\/wp-json\/wp\/v2\/property-type?post=35332"},{"taxonomy":"property-state","embeddable":true,"href":"https:\/\/atinainmobiliaria.com\/fr\/wp-json\/wp\/v2\/property-state?post=35332"}],"curies":[{"name":"wp","href":"https:\/\/api.w.org\/{rel}","templated":true}]}}