{"id":224221,"date":"2026-08-27T13:41:00","date_gmt":"2026-08-27T13:41:00","guid":{"rendered":"https:\/\/atinainmobiliaria.com\/properties\/villa-avec-vue-panoramique-sur-la-mer-a-balcon-al-mar-javea-piscine-privee-et-garage-pour-2-voitures\/"},"modified":"2026-08-27T13:41:00","modified_gmt":"2026-08-27T13:41:00","slug":"villa-avec-vue-panoramique-sur-la-mer-a-balcon-al-mar-javea-piscine-privee-et-garage-pour-2-voitures","status":"publish","type":"properties","link":"https:\/\/atinainmobiliaria.com\/fr\/properties\/villa-avec-vue-panoramique-sur-la-mer-a-balcon-al-mar-javea-piscine-privee-et-garage-pour-2-voitures\/","title":{"rendered":"Villa avec vue panoramique sur la mer \u00e0 Balc\u00f3n al Mar, J\u00e1vea | Piscine priv\u00e9e et garage pour 2 voitures"},"content":{"rendered":"<p>Villa avec vue panoramique sur la mer \u00e0 vendre \u00e0 Balc\u00f3n al Mar, J\u00e1vea | Piscine priv\u00e9e et garage pour 2 voitures<\/p>\n<p>Situ\u00e9e dans un quartier calme de J\u00e1vea, cette villa m\u00e9diterran\u00e9enne offre intimit\u00e9, espaces g\u00e9n\u00e9reux et vues panoramiques spectaculaires sur la mer. La propri\u00e9t\u00e9 se trouve \u00e0 proximit\u00e9 de toutes les commodit\u00e9s n\u00e9cessaires pour profiter pleinement de J\u00e1vea tout au long de l&rsquo;ann\u00e9e. <\/p>\n<p>La propri\u00e9t\u00e9 pr\u00e9sente une surface construite de 217 m\u00b2 sur un terrain urbain de 1 077 m\u00b2 et s&rsquo;\u00e9tend sur 3 \u00e9tages. Elle comprend 4 chambres et 3 salles de bains, et offre une vue sur la mer depuis diff\u00e9rentes pi\u00e8ces de la maison. Au dernier \u00e9tage, on trouve une grande terrasse offrant une vue \u00e0 360\u00b0, un espace id\u00e9al pour profiter du paysage et du climat m\u00e9diterran\u00e9en.  <\/p>\n<p>La villa conserve le style m\u00e9diterran\u00e9en traditionnel de J\u00e1vea et est \u00e9quip\u00e9e d&rsquo;un chauffage central par radiateurs, de la climatisation, de panneaux solaires, d&rsquo;un syst\u00e8me d&rsquo;alarme, de fen\u00eatres en PVC \u00e0 double vitrage, de chemin\u00e9es \u00e0 bois et de la fibre optique.<\/p>\n<p>\u00c0 l&rsquo;ext\u00e9rieur, la propri\u00e9t\u00e9 dispose d&rsquo;une piscine priv\u00e9e, r\u00e9nov\u00e9e il y a environ trois ans, d&rsquo;une terrasse couverte et d&rsquo;une terrasse d\u00e9couverte, d&rsquo;un barbecue, d&rsquo;une douche ext\u00e9rieure et d&rsquo;un terrain enti\u00e8rement cl\u00f4tur\u00e9.<\/p>\n<p>La propri\u00e9t\u00e9 comprend \u00e9galement un grand garage ferm\u00e9 pouvant accueillir deux v\u00e9hicules, \u00e9quip\u00e9 d&rsquo;une porte automatique, ainsi qu&rsquo;un d\u00e9barras et une buanderie.<\/p>\n<p>De par son emplacement, ses vues, ses espaces ext\u00e9rieurs et ses caract\u00e9ristiques, cette villa constitue un excellent choix, que ce soit comme r\u00e9sidence principale, r\u00e9sidence secondaire ou investissement \u00e0 J\u00e1vea.<\/p>\n","protected":false},"featured_media":224222,"template":"","meta":[],"property_categories":[197],"city":[3],"zone":[362],"property-type":[264],"property-state":[199],"class_list":["post-224221","properties","type-properties","status-publish","has-post-thumbnail","hentry","property_categories-vendre","city-javea","zone-portichol-balcon-al-mar","property-type-villas-fr","property-state-vente"],"_links":{"self":[{"href":"https:\/\/atinainmobiliaria.com\/fr\/wp-json\/wp\/v2\/properties\/224221","targetHints":{"allow":["GET"]}}],"collection":[{"href":"https:\/\/atinainmobiliaria.com\/fr\/wp-json\/wp\/v2\/properties"}],"about":[{"href":"https:\/\/atinainmobiliaria.com\/fr\/wp-json\/wp\/v2\/types\/properties"}],"wp:featuredmedia":[{"embeddable":true,"href":"https:\/\/atinainmobiliaria.com\/fr\/wp-json\/wp\/v2\/media\/224222"}],"wp:attachment":[{"href":"https:\/\/atinainmobiliaria.com\/fr\/wp-json\/wp\/v2\/media?parent=224221"}],"wp:term":[{"taxonomy":"property_categories","embeddable":true,"href":"https:\/\/atinainmobiliaria.com\/fr\/wp-json\/wp\/v2\/property_categories?post=224221"},{"taxonomy":"city","embeddable":true,"href":"https:\/\/atinainmobiliaria.com\/fr\/wp-json\/wp\/v2\/city?post=224221"},{"taxonomy":"zone","embeddable":true,"href":"https:\/\/atinainmobiliaria.com\/fr\/wp-json\/wp\/v2\/zone?post=224221"},{"taxonomy":"property-type","embeddable":true,"href":"https:\/\/atinainmobiliaria.com\/fr\/wp-json\/wp\/v2\/property-type?post=224221"},{"taxonomy":"property-state","embeddable":true,"href":"https:\/\/atinainmobiliaria.com\/fr\/wp-json\/wp\/v2\/property-state?post=224221"}],"curies":[{"name":"wp","href":"https:\/\/api.w.org\/{rel}","templated":true}]}}