{"id":203646,"date":"2026-03-31T13:57:24","date_gmt":"2026-03-31T13:57:24","guid":{"rendered":"https:\/\/atinainmobiliaria.com\/properties\/appartement-situe-a-gandia-dans-le-quartier-paseo-germanias\/"},"modified":"2026-03-10T17:55:39","modified_gmt":"2026-03-10T17:55:39","slug":"appartement-situe-a-gandia-dans-le-quartier-paseo-germanias","status":"publish","type":"properties","link":"https:\/\/atinainmobiliaria.com\/fr\/properties\/appartement-situe-a-gandia-dans-le-quartier-paseo-germanias\/","title":{"rendered":"Appartement situ\u00e9 \u00e0 Gand\u00eda dans le quartier Paseo German\u00edas."},"content":{"rendered":"<p>Appartement situ\u00e9 \u00e0 Gand\u00eda dans la zone du Paseo German\u00edas, l&rsquo;une des zones les plus appr\u00e9ci\u00e9es pour sa proximit\u00e9 avec le centre et pour avoir tous les services \u00e0 port\u00e9e de main : magasins, centres \u00e9ducatifs, restaurants, transports publics et zones de promenade. Une situation privil\u00e9gi\u00e9e qui vous permet de profiter de la vie urbaine en tout confort, \u00e0 seulement cinq kilom\u00e8tres de la c\u00e9l\u00e8bre plage de Gand\u00eda, ce qui permet de combiner facilement le dynamisme de la ville avec l&rsquo;attrait de l&rsquo;environnement c\u00f4tier. <\/p>\n<p>La propri\u00e9t\u00e9 se distingue par son style moderne et sa pr\u00e9sentation soign\u00e9e, offrant une atmosph\u00e8re moderne et fonctionnelle. Elle est distribu\u00e9e en trois chambres \u00e0 coucher, parfaitement adaptables pour une famille ainsi que pour ceux qui ont besoin d&rsquo;un bureau ou d&rsquo;un espace suppl\u00e9mentaire, et une salle de bain compl\u00e8te. Le salon-salle \u00e0 manger est lumineux et accueillant, avec un acc\u00e8s \u00e0 un agr\u00e9able balcon qui offre une ventilation naturelle et un espace ext\u00e9rieur tr\u00e8s appr\u00e9ci\u00e9 au quotidien.  <\/p>\n<p>La cuisine enti\u00e8rement \u00e9quip\u00e9e a \u00e9t\u00e9 con\u00e7ue pour optimiser l&rsquo;espace et favoriser le confort. Elle est compl\u00e9t\u00e9e par une galerie ind\u00e9pendante pratique qui ajoute de la fonctionnalit\u00e9 et de l&rsquo;espace de rangement.<\/p>\n<p>Il est \u00e0 noter que la propri\u00e9t\u00e9 est situ\u00e9e au premier \u00e9tage sans ascenseur, ce qui offre l&rsquo;avantage d&rsquo;un acc\u00e8s facile, avec peu d&rsquo;escaliers, tout en conservant l&rsquo;ind\u00e9pendance et l&rsquo;intimit\u00e9 d&rsquo;un immeuble r\u00e9sidentiel consolid\u00e9.<\/p>\n<p>En bref, une propri\u00e9t\u00e9 moderne, bien situ\u00e9e et parfaitement connect\u00e9e, id\u00e9ale \u00e0 la fois comme r\u00e9sidence permanente et comme investissement dans l&rsquo;une des zones les plus recherch\u00e9es de Gand\u00eda.<\/p>\n","protected":false},"featured_media":203647,"template":"","meta":[],"property_categories":[197],"city":[7],"zone":[343],"property-type":[232],"property-state":[199],"class_list":["post-203646","properties","type-properties","status-publish","has-post-thumbnail","hentry","property_categories-vendre","city-gandia","zone-paseo-germanias","property-type-plat-fr","property-state-vente"],"_links":{"self":[{"href":"https:\/\/atinainmobiliaria.com\/fr\/wp-json\/wp\/v2\/properties\/203646","targetHints":{"allow":["GET"]}}],"collection":[{"href":"https:\/\/atinainmobiliaria.com\/fr\/wp-json\/wp\/v2\/properties"}],"about":[{"href":"https:\/\/atinainmobiliaria.com\/fr\/wp-json\/wp\/v2\/types\/properties"}],"wp:featuredmedia":[{"embeddable":true,"href":"https:\/\/atinainmobiliaria.com\/fr\/wp-json\/wp\/v2\/media\/203647"}],"wp:attachment":[{"href":"https:\/\/atinainmobiliaria.com\/fr\/wp-json\/wp\/v2\/media?parent=203646"}],"wp:term":[{"taxonomy":"property_categories","embeddable":true,"href":"https:\/\/atinainmobiliaria.com\/fr\/wp-json\/wp\/v2\/property_categories?post=203646"},{"taxonomy":"city","embeddable":true,"href":"https:\/\/atinainmobiliaria.com\/fr\/wp-json\/wp\/v2\/city?post=203646"},{"taxonomy":"zone","embeddable":true,"href":"https:\/\/atinainmobiliaria.com\/fr\/wp-json\/wp\/v2\/zone?post=203646"},{"taxonomy":"property-type","embeddable":true,"href":"https:\/\/atinainmobiliaria.com\/fr\/wp-json\/wp\/v2\/property-type?post=203646"},{"taxonomy":"property-state","embeddable":true,"href":"https:\/\/atinainmobiliaria.com\/fr\/wp-json\/wp\/v2\/property-state?post=203646"}],"curies":[{"name":"wp","href":"https:\/\/api.w.org\/{rel}","templated":true}]}}