{"id":203559,"date":"2026-03-10T17:55:39","date_gmt":"2026-03-10T17:55:39","guid":{"rendered":"https:\/\/atinainmobiliaria.com\/properties\/appartement-a-seulement-100-metres-de-la-mer-situe-sur-la-deuxieme-ligne-de-la-plage-de-bellreguard\/"},"modified":"2026-03-10T17:55:39","modified_gmt":"2026-03-10T17:55:39","slug":"appartement-a-seulement-100-metres-de-la-mer-situe-sur-la-deuxieme-ligne-de-la-plage-de-bellreguard","status":"publish","type":"properties","link":"https:\/\/atinainmobiliaria.com\/fr\/properties\/appartement-a-seulement-100-metres-de-la-mer-situe-sur-la-deuxieme-ligne-de-la-plage-de-bellreguard\/","title":{"rendered":"Appartement \u00e0 seulement 100 m\u00e8tres de la mer situ\u00e9 sur la deuxi\u00e8me ligne de la plage de Bellreguard."},"content":{"rendered":"<p>\u00c0 seulement 100 m\u00e8tres de la mer, cet appartement confortable situ\u00e9 sur la deuxi\u00e8me ligne de la plage de Bellreguard offre la combinaison parfaite entre la proximit\u00e9 de la mer, le confort et la tranquillit\u00e9. Une propri\u00e9t\u00e9 id\u00e9ale pour les s\u00e9jours de vacances et pour ceux qui recherchent un havre de paix au bord de la M\u00e9diterran\u00e9e avec tous les conforts. <\/p>\n<p>La propri\u00e9t\u00e9 dispose d&rsquo;une chambre double spacieuse et lumineuse, con\u00e7ue pour garantir le repos et le confort. La salle de bains compl\u00e8te est fonctionnelle et soign\u00e9e, tandis que le salon-salle \u00e0 manger est harmonieusement int\u00e9gr\u00e9 \u00e0 une cuisine pratique, cr\u00e9ant un espace ouvert et tr\u00e8s agr\u00e9able pour la vie quotidienne ou pour recevoir des visiteurs dans une atmosph\u00e8re d\u00e9tendue. <\/p>\n<p>L&rsquo;un des grands attraits de la propri\u00e9t\u00e9 est son agr\u00e9able terrasse orient\u00e9e \u00e0 l&rsquo;est, parfaite pour profiter des premiers rayons de soleil le matin, prendre le petit-d\u00e9jeuner en plein air ou se d\u00e9tendre dans la douce brise marine qui caract\u00e9rise cette zone privil\u00e9gi\u00e9e de la c\u00f4te.<\/p>\n<p>L&rsquo;appartement dispose de sols carrel\u00e9s, d&rsquo;un syst\u00e8me d&rsquo;air conditionn\u00e9 avec une machine d\u00e9j\u00e0 install\u00e9e, ce qui garantit un climat uniforme et confortable tout au long de l&rsquo;ann\u00e9e. L&rsquo;immeuble est \u00e9quip\u00e9 d&rsquo;un ascenseur, ce qui garantit le confort et l&rsquo;accessibilit\u00e9. <\/p>\n<p>En outre, l&rsquo;urbanisation offre une agr\u00e9able piscine commune, id\u00e9ale pour se rafra\u00eechir les jours les plus chauds ou pour profiter de l&rsquo;atmosph\u00e8re estivale sans quitter la maison.<\/p>\n<p>En r\u00e9sum\u00e9, une propri\u00e9t\u00e9 tr\u00e8s bien situ\u00e9e, \u00e0 quelques pas de la mer et avec tout le confort n\u00e9cessaire pour profiter pleinement du style de vie m\u00e9diterran\u00e9en dans l&rsquo;une des zones les plus appr\u00e9ci\u00e9es de la c\u00f4te valencienne.<\/p>\n","protected":false},"featured_media":203560,"template":"","meta":[],"property_categories":[197],"city":[42],"zone":[94],"property-type":[237],"property-state":[199],"class_list":["post-203559","properties","type-properties","status-publish","has-post-thumbnail","hentry","property_categories-vendre","city-bellreguard","zone-playa-bellreguard","property-type-appartement","property-state-vente"],"_links":{"self":[{"href":"https:\/\/atinainmobiliaria.com\/fr\/wp-json\/wp\/v2\/properties\/203559","targetHints":{"allow":["GET"]}}],"collection":[{"href":"https:\/\/atinainmobiliaria.com\/fr\/wp-json\/wp\/v2\/properties"}],"about":[{"href":"https:\/\/atinainmobiliaria.com\/fr\/wp-json\/wp\/v2\/types\/properties"}],"wp:featuredmedia":[{"embeddable":true,"href":"https:\/\/atinainmobiliaria.com\/fr\/wp-json\/wp\/v2\/media\/203560"}],"wp:attachment":[{"href":"https:\/\/atinainmobiliaria.com\/fr\/wp-json\/wp\/v2\/media?parent=203559"}],"wp:term":[{"taxonomy":"property_categories","embeddable":true,"href":"https:\/\/atinainmobiliaria.com\/fr\/wp-json\/wp\/v2\/property_categories?post=203559"},{"taxonomy":"city","embeddable":true,"href":"https:\/\/atinainmobiliaria.com\/fr\/wp-json\/wp\/v2\/city?post=203559"},{"taxonomy":"zone","embeddable":true,"href":"https:\/\/atinainmobiliaria.com\/fr\/wp-json\/wp\/v2\/zone?post=203559"},{"taxonomy":"property-type","embeddable":true,"href":"https:\/\/atinainmobiliaria.com\/fr\/wp-json\/wp\/v2\/property-type?post=203559"},{"taxonomy":"property-state","embeddable":true,"href":"https:\/\/atinainmobiliaria.com\/fr\/wp-json\/wp\/v2\/property-state?post=203559"}],"curies":[{"name":"wp","href":"https:\/\/api.w.org\/{rel}","templated":true}]}}