{"id":199794,"date":"2026-03-10T17:55:39","date_gmt":"2026-03-10T17:55:39","guid":{"rendered":"https:\/\/atinainmobiliaria.com\/properties\/appartement-exclusif-entre-le-port-et-la-ville-de-javea\/"},"modified":"2026-02-11T13:08:45","modified_gmt":"2026-02-11T13:08:45","slug":"appartement-exclusif-entre-le-port-et-la-ville-de-javea","status":"publish","type":"properties","link":"https:\/\/atinainmobiliaria.com\/fr\/properties\/appartement-exclusif-entre-le-port-et-la-ville-de-javea\/","title":{"rendered":"Appartement exclusif entre le port et la ville de J\u00e1vea !"},"content":{"rendered":"<p>Situ\u00e9 \u00e0 seulement 120 m\u00e8tres de la mer, ce bel appartement dans un tout nouveau complexe r\u00e9sidentiel offre tout ce dont vous avez besoin pour profiter de la Costa Blanca dans un quartier calme et privil\u00e9gi\u00e9.  <\/p>\n<p>Cet appartement expos\u00e9 au sud se compose de 2 chambres spacieuses avec placards, de 2 salles de bains compl\u00e8tes et d&rsquo;une cuisine am\u00e9ricaine ouverte, enti\u00e8rement \u00e9quip\u00e9e, qui communique parfaitement avec le salon-salle \u00e0 manger lumineux. Il dispose \u00e9galement d&rsquo;une grande terrasse id\u00e9ale pour se d\u00e9tendre et profiter de l&rsquo;environnement. <\/p>\n<p>En outre, la propri\u00e9t\u00e9 est dot\u00e9e de la finition Natura, qui se caract\u00e9rise par des finitions chaudes aux tons de bois qui conf\u00e8rent un style m\u00e9diterran\u00e9en \u00e0 toutes les pi\u00e8ces.<\/p>\n<p>Il convient \u00e9galement de noter que la propri\u00e9t\u00e9 comprend des packs de confort qui incluent :<\/p>\n<p>&#8211; Fourniture et installation de downlights encastr\u00e9s,<\/p>\n<p>Bandes LED sous les \u00e9l\u00e9ments muraux de la cuisine et points lumineux pour les lampes suspendues.<\/p>\n<p>&#8211; Fourniture et installation de moteurs Somfy pour<\/p>\n<p>stores. Syst\u00e8me de fin de course m\u00e9canique par bouton poussoir. <\/p>\n<p>La cuisine aux tons clairs et aux finitions en ch\u00eane comprend un r\u00e9frig\u00e9rateur int\u00e9gr\u00e9 BOSCH.<\/p>\n<p>Le complexe r\u00e9sidentiel dispose d&rsquo;une piscine, d&rsquo;une salle de sport et d&rsquo;un club social.<\/p>\n<p>Il b\u00e9n\u00e9ficie d&rsquo;une excellente situation, \u00e0 proximit\u00e9 des supermarch\u00e9s, des restaurants, des \u00e9coles et de tous les services essentiels.<\/p>\n<p>La vente comprend une place de parking et un local de stockage.<\/p>\n","protected":false},"featured_media":199795,"template":"","meta":[],"property_categories":[197],"city":[3],"zone":[4],"property-type":[237],"property-state":[199],"class_list":["post-199794","properties","type-properties","status-publish","has-post-thumbnail","hentry","property_categories-vendre","city-javea","zone-pueblo","property-type-appartement","property-state-vente"],"_links":{"self":[{"href":"https:\/\/atinainmobiliaria.com\/fr\/wp-json\/wp\/v2\/properties\/199794","targetHints":{"allow":["GET"]}}],"collection":[{"href":"https:\/\/atinainmobiliaria.com\/fr\/wp-json\/wp\/v2\/properties"}],"about":[{"href":"https:\/\/atinainmobiliaria.com\/fr\/wp-json\/wp\/v2\/types\/properties"}],"wp:featuredmedia":[{"embeddable":true,"href":"https:\/\/atinainmobiliaria.com\/fr\/wp-json\/wp\/v2\/media\/199795"}],"wp:attachment":[{"href":"https:\/\/atinainmobiliaria.com\/fr\/wp-json\/wp\/v2\/media?parent=199794"}],"wp:term":[{"taxonomy":"property_categories","embeddable":true,"href":"https:\/\/atinainmobiliaria.com\/fr\/wp-json\/wp\/v2\/property_categories?post=199794"},{"taxonomy":"city","embeddable":true,"href":"https:\/\/atinainmobiliaria.com\/fr\/wp-json\/wp\/v2\/city?post=199794"},{"taxonomy":"zone","embeddable":true,"href":"https:\/\/atinainmobiliaria.com\/fr\/wp-json\/wp\/v2\/zone?post=199794"},{"taxonomy":"property-type","embeddable":true,"href":"https:\/\/atinainmobiliaria.com\/fr\/wp-json\/wp\/v2\/property-type?post=199794"},{"taxonomy":"property-state","embeddable":true,"href":"https:\/\/atinainmobiliaria.com\/fr\/wp-json\/wp\/v2\/property-state?post=199794"}],"curies":[{"name":"wp","href":"https:\/\/api.w.org\/{rel}","templated":true}]}}