{"id":198878,"date":"2026-03-10T17:55:39","date_gmt":"2026-03-10T17:55:39","guid":{"rendered":"https:\/\/atinainmobiliaria.com\/properties\/villa-exclusive-avec-vue-sur-le-montgo-dans-la-zone-de-balcon-al-mar-javea\/"},"modified":"2026-02-21T11:49:12","modified_gmt":"2026-02-21T11:49:12","slug":"villa-exclusive-avec-vue-sur-le-montgo-dans-la-zone-de-balcon-al-mar-javea","status":"publish","type":"properties","link":"https:\/\/atinainmobiliaria.com\/fr\/properties\/villa-exclusive-avec-vue-sur-le-montgo-dans-la-zone-de-balcon-al-mar-javea\/","title":{"rendered":"Villa exclusive avec vue sur le Montg\u00f3 dans la zone de Balc\u00f3n al Mar J\u00e1vea"},"content":{"rendered":"<p>Au c\u0153ur de l&rsquo;un des quartiers r\u00e9sidentiels les plus prestigieux de J\u00e1vea, Balc\u00f3n al Mar, se trouve cette \u00e9l\u00e9gante villa de luxe qui allie espace, s\u00e9r\u00e9nit\u00e9 et vue imprenable sur le Montg\u00f3. Entour\u00e9e par la nature et con\u00e7ue pour offrir un maximum d&rsquo;intimit\u00e9, la propri\u00e9t\u00e9 s&rsquo;\u00e9tend sur deux parcelles adjacentes d&rsquo;une superficie totale de 1 708 m\u00b2, cr\u00e9ant un environnement exclusif difficile \u00e0 \u00e9galer, id\u00e9al pour un public qui appr\u00e9cie l&rsquo;espace, la tranquillit\u00e9 et la qualit\u00e9 de vie. 327 m\u00b2 de surface construite sont distribu\u00e9s de mani\u00e8re fonctionnelle, con\u00e7us pour profiter \u00e0 la fois de la vie quotidienne et des s\u00e9jours prolong\u00e9s en famille ou avec des invit\u00e9s. Elle dispose de cinq chambres et de trois salles de bains, deux d&rsquo;entre elles ayant un acc\u00e8s ind\u00e9pendant, une caract\u00e9ristique particuli\u00e8rement appr\u00e9ci\u00e9e pour garantir l&rsquo;intimit\u00e9 ou m\u00eame pour servir de logement d&rsquo;appoint. \u00c0 l&rsquo;ext\u00e9rieur, la villa dispose d&rsquo;une piscine priv\u00e9e entour\u00e9e de jardins soign\u00e9s, de plusieurs terrasses couvertes et d\u00e9couvertes et d&rsquo;une magnifique cuisine d&rsquo;\u00e9t\u00e9 avec barbecue, parfaite pour des r\u00e9unions sociales dans un cadre privil\u00e9gi\u00e9. Son orientation sud-ouest assure une lumi\u00e8re naturelle abondante tout au long de la journ\u00e9e et des couchers de soleil spectaculaires.Outre son \u00e9tat actuel, la propri\u00e9t\u00e9 pr\u00e9sente un potentiel int\u00e9ressant d&rsquo;extension et de personnalisation, ce qui en fait un solide investissement \u00e0 long terme dans un endroit tr\u00e8s recherch\u00e9. Garage, parking et salle de stockage compl\u00e8tent ce complexe r\u00e9sidentiel qui allie luxe, confort et emplacement exceptionnel, \u00e0 quelques minutes des plages et des services de J\u00e1vea. Une villa con\u00e7ue pour ceux qui recherchent l&rsquo;exclusivit\u00e9, les vues et un environnement naturel unique.      <\/p>\n","protected":false},"featured_media":198881,"template":"","meta":[],"property_categories":[197],"city":[3],"zone":[362],"property-type":[264],"property-state":[199],"class_list":["post-198878","properties","type-properties","status-publish","has-post-thumbnail","hentry","property_categories-vendre","city-javea","zone-portichol-balcon-al-mar","property-type-villas-fr","property-state-vente"],"_links":{"self":[{"href":"https:\/\/atinainmobiliaria.com\/fr\/wp-json\/wp\/v2\/properties\/198878","targetHints":{"allow":["GET"]}}],"collection":[{"href":"https:\/\/atinainmobiliaria.com\/fr\/wp-json\/wp\/v2\/properties"}],"about":[{"href":"https:\/\/atinainmobiliaria.com\/fr\/wp-json\/wp\/v2\/types\/properties"}],"wp:featuredmedia":[{"embeddable":true,"href":"https:\/\/atinainmobiliaria.com\/fr\/wp-json\/wp\/v2\/media\/198881"}],"wp:attachment":[{"href":"https:\/\/atinainmobiliaria.com\/fr\/wp-json\/wp\/v2\/media?parent=198878"}],"wp:term":[{"taxonomy":"property_categories","embeddable":true,"href":"https:\/\/atinainmobiliaria.com\/fr\/wp-json\/wp\/v2\/property_categories?post=198878"},{"taxonomy":"city","embeddable":true,"href":"https:\/\/atinainmobiliaria.com\/fr\/wp-json\/wp\/v2\/city?post=198878"},{"taxonomy":"zone","embeddable":true,"href":"https:\/\/atinainmobiliaria.com\/fr\/wp-json\/wp\/v2\/zone?post=198878"},{"taxonomy":"property-type","embeddable":true,"href":"https:\/\/atinainmobiliaria.com\/fr\/wp-json\/wp\/v2\/property-type?post=198878"},{"taxonomy":"property-state","embeddable":true,"href":"https:\/\/atinainmobiliaria.com\/fr\/wp-json\/wp\/v2\/property-state?post=198878"}],"curies":[{"name":"wp","href":"https:\/\/api.w.org\/{rel}","templated":true}]}}