{"id":197459,"date":"2026-03-10T17:55:39","date_gmt":"2026-03-10T17:55:39","guid":{"rendered":"https:\/\/atinainmobiliaria.com\/properties\/villa-exclusive-dans-la-region-de-granadella-javea\/"},"modified":"2026-02-06T13:47:42","modified_gmt":"2026-02-06T13:47:42","slug":"villa-exclusive-dans-la-region-de-granadella-javea","status":"publish","type":"properties","link":"https:\/\/atinainmobiliaria.com\/fr\/properties\/villa-exclusive-dans-la-region-de-granadella-javea\/","title":{"rendered":"Villa exclusive dans la r\u00e9gion de Granadella, J\u00e1vea."},"content":{"rendered":"<p>Situ\u00e9e dans le quartier recherch\u00e9 de La Granadella, cette \u00e9l\u00e9gante villa repr\u00e9sente une opportunit\u00e9 unique pour ceux qui souhaitent profiter d&rsquo;un environnement naturel privil\u00e9gi\u00e9 sans sacrifier le confort et la proximit\u00e9 de la mer. Entour\u00e9e par le parc naturel et \u00e0 quelques minutes de la plage embl\u00e9matique de La Granadella, la propri\u00e9t\u00e9 offre un \u00e9quilibre parfait entre l&rsquo;intimit\u00e9, la tranquillit\u00e9 et l&rsquo;acc\u00e8s \u00e0 la vie m\u00e9diterran\u00e9enne anim\u00e9e de J\u00e1vea, ce qui en fait une proposition particuli\u00e8rement attrayante pour un profil d&rsquo;acheteur exigeant.La villa, dans un style m\u00e9diterran\u00e9en intemporel, a une superficie construite de 164 m\u00b2 distribu\u00e9e de mani\u00e8re fonctionnelle et accueillante. Au rez-de-chauss\u00e9e, vous trouverez deux chambres doubles spacieuses, une salle de bains compl\u00e8te, un salon-salle \u00e0 manger lumineux avec chemin\u00e9e et une cuisine ouverte parfaitement int\u00e9gr\u00e9e, qui s&rsquo;ouvre sur une belle terrasse avec des vues panoramiques sur le parc naturel. A l&rsquo;\u00e9tage inf\u00e9rieur, sous la maison principale, se trouve un appartement d&rsquo;amis s\u00e9par\u00e9, compos\u00e9 d&rsquo;une chambre spacieuse avec acc\u00e8s direct \u00e0 une grande terrasse priv\u00e9e et d&rsquo;une salle de bains en suite, offrant polyvalence et intimit\u00e9 pour les visiteurs et la famille, le tout sur un g\u00e9n\u00e9reux terrain de 814 m\u00b2 orient\u00e9 au sud, qui garantit la lumi\u00e8re tout au long de l&rsquo;ann\u00e9e. L&rsquo;ext\u00e9rieur a \u00e9t\u00e9 con\u00e7u pour profiter pleinement du style de vie m\u00e9diterran\u00e9en, avec une grande piscine priv\u00e9e, une cuisine d&rsquo;\u00e9t\u00e9, une douche ext\u00e9rieure, un jardin \u00e0 faible entretien et deux grandes terrasses couvertes, id\u00e9ales pour profiter du climat doux en \u00e9t\u00e9 comme en hiver. La propri\u00e9t\u00e9 dispose \u00e9galement d&rsquo;une buanderie, ce qui renforce son confort et sa fonctionnalit\u00e9. Dans l&rsquo;ensemble, cette propri\u00e9t\u00e9 se distingue par son emplacement strat\u00e9gique, son agencement bien con\u00e7u et ses espaces ext\u00e9rieurs con\u00e7us pour une jouissance continue. L&rsquo;espace du terrain et la piscine priv\u00e9e offrent une valeur diff\u00e9rentielle par rapport aux autres propri\u00e9t\u00e9s de la r\u00e9gion, renfor\u00e7ant ainsi son caract\u00e8re exclusif. Une option solide aussi bien comme r\u00e9sidence permanente que comme investissement, dans un march\u00e9 comme celui de la Costa Blanca qui maintient une demande constante de propri\u00e9t\u00e9s de qualit\u00e9 dans des enclaves uniques comme La Granadella.       <\/p>\n","protected":false},"featured_media":197485,"template":"","meta":[],"property_categories":[197],"city":[3],"zone":[390],"property-type":[264],"property-state":[199],"class_list":["post-197459","properties","type-properties","status-publish","has-post-thumbnail","hentry","property_categories-vendre","city-javea","zone-la-granadella-costa-nova","property-type-villas-fr","property-state-vente"],"_links":{"self":[{"href":"https:\/\/atinainmobiliaria.com\/fr\/wp-json\/wp\/v2\/properties\/197459","targetHints":{"allow":["GET"]}}],"collection":[{"href":"https:\/\/atinainmobiliaria.com\/fr\/wp-json\/wp\/v2\/properties"}],"about":[{"href":"https:\/\/atinainmobiliaria.com\/fr\/wp-json\/wp\/v2\/types\/properties"}],"wp:featuredmedia":[{"embeddable":true,"href":"https:\/\/atinainmobiliaria.com\/fr\/wp-json\/wp\/v2\/media\/197485"}],"wp:attachment":[{"href":"https:\/\/atinainmobiliaria.com\/fr\/wp-json\/wp\/v2\/media?parent=197459"}],"wp:term":[{"taxonomy":"property_categories","embeddable":true,"href":"https:\/\/atinainmobiliaria.com\/fr\/wp-json\/wp\/v2\/property_categories?post=197459"},{"taxonomy":"city","embeddable":true,"href":"https:\/\/atinainmobiliaria.com\/fr\/wp-json\/wp\/v2\/city?post=197459"},{"taxonomy":"zone","embeddable":true,"href":"https:\/\/atinainmobiliaria.com\/fr\/wp-json\/wp\/v2\/zone?post=197459"},{"taxonomy":"property-type","embeddable":true,"href":"https:\/\/atinainmobiliaria.com\/fr\/wp-json\/wp\/v2\/property-type?post=197459"},{"taxonomy":"property-state","embeddable":true,"href":"https:\/\/atinainmobiliaria.com\/fr\/wp-json\/wp\/v2\/property-state?post=197459"}],"curies":[{"name":"wp","href":"https:\/\/api.w.org\/{rel}","templated":true}]}}