{"id":196757,"date":"2026-03-10T17:55:39","date_gmt":"2026-03-10T17:55:39","guid":{"rendered":"https:\/\/atinainmobiliaria.com\/properties\/villa-odin-ou-lexclusivite-la-mer-et-linvestissement-se-rencontrent\/"},"modified":"2026-02-18T18:29:14","modified_gmt":"2026-02-18T18:29:14","slug":"villa-odin-ou-lexclusivite-la-mer-et-linvestissement-se-rencontrent","status":"publish","type":"properties","link":"https:\/\/atinainmobiliaria.com\/fr\/properties\/villa-odin-ou-lexclusivite-la-mer-et-linvestissement-se-rencontrent\/","title":{"rendered":"Villa Odin o\u00f9 l&rsquo;exclusivit\u00e9, la mer et l&rsquo;investissement se rencontrent."},"content":{"rendered":"<p>Situ\u00e9e sur un terrain extraordinaire de 1 362 m\u00b2, cette villa est une opportunit\u00e9 unique pour ceux qui recherchent un bien immobilier de grande valeur dans l&rsquo;une des zones les plus exclusives et les plus sereines de J\u00e1vea. Situ\u00e9e dans un cul-de-sac priv\u00e9, avec un tr\u00e8s petit nombre de propri\u00e9t\u00e9s, elle garantit un niveau exceptionnel d&rsquo;intimit\u00e9 et des vues spectaculaires sur la mer, difficiles \u00e0 trouver sur le march\u00e9 actuel. Le terrain permet une constructibilit\u00e9 jusqu&rsquo;\u00e0 30%, ce qui ouvre un large \u00e9ventail de possibilit\u00e9s d&rsquo;extension, de redistribution ou m\u00eame de transformation int\u00e9grale, ce qui en fait une option particuli\u00e8rement attrayante pour les investisseurs ayant une vision \u00e0 moyen ou long terme.  <\/p>\n<p>L&#8217;emplacement est, sans aucun doute, l&rsquo;une de ses grandes valeurs ajout\u00e9es. Il s&rsquo;agit de l&rsquo;une des zones r\u00e9sidentielles les plus recherch\u00e9es de J\u00e1vea, o\u00f9 la tranquillit\u00e9, l&rsquo;environnement naturel et la proximit\u00e9 de tous les services coexistent en parfait \u00e9quilibre. Les supermarch\u00e9s et les restaurants sont accessibles \u00e0 pied, la plage d&rsquo;Arenal n&rsquo;est qu&rsquo;\u00e0 10 minutes, et les c\u00e9l\u00e8bres criques de Portichol et de Granadella sont accessibles en 5 minutes, ce qui renforce l&rsquo;attrait r\u00e9sidentiel et touristique de la propri\u00e9t\u00e9.  <\/p>\n<p>La maison principale est distribu\u00e9e sur un \u00e9tage avec deux chambres doubles, une salle de bains compl\u00e8te, une cuisine s\u00e9par\u00e9e et un salon-salle \u00e0 manger lumineux avec vue sur la mer et acc\u00e8s direct \u00e0 une naya ouverte, id\u00e9ale pour prolonger la vie \u00e0 l&rsquo;ext\u00e9rieur. Il y a \u00e9galement un appartement ind\u00e9pendant avec salle de bain, parfait pour les invit\u00e9s, le personnel ou comme espace compl\u00e9mentaire. <\/p>\n<p>\u00c0 l&rsquo;ext\u00e9rieur, la propri\u00e9t\u00e9 offre une piscine priv\u00e9e et une zone de d\u00e9tente, un environnement con\u00e7u pour profiter du climat m\u00e9diterran\u00e9en, du calme des environs et de la vue frontale sur la mer dans une atmosph\u00e8re de discr\u00e9tion absolue.<\/p>\n<p>Les \u00e9quipements suppl\u00e9mentaires comprennent un garage, le chauffage central au gaz et l&rsquo;air conditionn\u00e9 dans les chambres. Avec une r\u00e9novation bien pens\u00e9e, cette villa a un \u00e9norme potentiel pour devenir une r\u00e9sidence de luxe de premi\u00e8re ligne, id\u00e9ale \u00e0 la fois comme maison exclusive et comme investissement avec un fort potentiel d&rsquo;appr\u00e9ciation. <\/p>\n","protected":false},"featured_media":196758,"template":"","meta":[],"property_categories":[197],"city":[3],"zone":[362],"property-type":[233],"property-state":[199],"class_list":["post-196757","properties","type-properties","status-publish","has-post-thumbnail","hentry","property_categories-vendre","city-javea","zone-portichol-balcon-al-mar","property-type-villas-de-luxe","property-state-vente"],"_links":{"self":[{"href":"https:\/\/atinainmobiliaria.com\/fr\/wp-json\/wp\/v2\/properties\/196757","targetHints":{"allow":["GET"]}}],"collection":[{"href":"https:\/\/atinainmobiliaria.com\/fr\/wp-json\/wp\/v2\/properties"}],"about":[{"href":"https:\/\/atinainmobiliaria.com\/fr\/wp-json\/wp\/v2\/types\/properties"}],"wp:featuredmedia":[{"embeddable":true,"href":"https:\/\/atinainmobiliaria.com\/fr\/wp-json\/wp\/v2\/media\/196758"}],"wp:attachment":[{"href":"https:\/\/atinainmobiliaria.com\/fr\/wp-json\/wp\/v2\/media?parent=196757"}],"wp:term":[{"taxonomy":"property_categories","embeddable":true,"href":"https:\/\/atinainmobiliaria.com\/fr\/wp-json\/wp\/v2\/property_categories?post=196757"},{"taxonomy":"city","embeddable":true,"href":"https:\/\/atinainmobiliaria.com\/fr\/wp-json\/wp\/v2\/city?post=196757"},{"taxonomy":"zone","embeddable":true,"href":"https:\/\/atinainmobiliaria.com\/fr\/wp-json\/wp\/v2\/zone?post=196757"},{"taxonomy":"property-type","embeddable":true,"href":"https:\/\/atinainmobiliaria.com\/fr\/wp-json\/wp\/v2\/property-type?post=196757"},{"taxonomy":"property-state","embeddable":true,"href":"https:\/\/atinainmobiliaria.com\/fr\/wp-json\/wp\/v2\/property-state?post=196757"}],"curies":[{"name":"wp","href":"https:\/\/api.w.org\/{rel}","templated":true}]}}