{"id":196247,"date":"2026-04-27T17:23:29","date_gmt":"2026-04-27T17:23:29","guid":{"rendered":"https:\/\/atinainmobiliaria.com\/properties\/maison-de-ville-situee-dans-le-quartier-calme-de-balcon-al-mar-2\/"},"modified":"2026-02-26T08:34:59","modified_gmt":"2026-02-26T08:34:59","slug":"maison-de-ville-situee-dans-le-quartier-calme-de-balcon-al-mar-2","status":"publish","type":"properties","link":"https:\/\/atinainmobiliaria.com\/fr\/properties\/maison-de-ville-situee-dans-le-quartier-calme-de-balcon-al-mar-2\/","title":{"rendered":"Maison de ville situ\u00e9e dans le quartier calme de Balc\u00f3n al Mar !"},"content":{"rendered":"<p>Nous vous pr\u00e9sentons cette maison de ville enti\u00e8rement r\u00e9nov\u00e9e avec 2 chambres et 2 salles de bains, situ\u00e9e dans la zone exclusive et paisible de Balc\u00f3n al Mar, sur la Costa Blanca. Un endroit parfait pour ceux qui recherchent la paix et le confort, sans renoncer \u00e0 la proximit\u00e9 de tous les services. La maison de ville sera pr\u00eate \u00e0 \u00eatre livr\u00e9e en avril 2025.  <\/p>\n<p>La propri\u00e9t\u00e9 offre :<\/p>\n<p>2 chambres spacieuses, avec suffisamment d&rsquo;espace pour cr\u00e9er votre propre retraite.2 salles de bains compl\u00e8tes, avec des finitions modernes et de haute qualit\u00e9.2 Cuisine ouverte enti\u00e8rement \u00e9quip\u00e9e, de style contemporain, qui s&rsquo;int\u00e8gre parfaitement au salon-salle \u00e0 manger, cr\u00e9ant une atmosph\u00e8re lumineuse et accueillante.Jardin priv\u00e9 de 120 m\u00b2, o\u00f9 vous pourrez profiter de l&rsquo;air frais et du soleil en toute intimit\u00e9.Piscine priv\u00e9e de 230 x 140, id\u00e9ale pour se rafra\u00eechir pendant les journ\u00e9es les plus chaudes et se d\u00e9tendre dans votre propre oasis.Pergola avec mobilier de salon ext\u00e9rieur et barbecue, l&rsquo;endroit id\u00e9al pour partager avec vos amis et votre famille, profiter des d\u00eeners en plein air et du beau temps.acc\u00e8s \u00e0 une grande place commune, un espace tranquille pour se promener et profiter de la r\u00e9gion.cette maison de ville, enti\u00e8rement r\u00e9nov\u00e9e et avec des espaces ext\u00e9rieurs spacieux, est la combinaison parfaite du confort, de l&rsquo;intimit\u00e9 et du design moderne. un endroit id\u00e9al pour vivre toute l&rsquo;ann\u00e9e ou pour profiter de vos vacances ! <\/p>\n<p>Contactez-nous pour plus d&rsquo;informations et pour organiser votre visite. Ne manquez pas l&rsquo;opportunit\u00e9 de faire de cette maison de ville votre nouvelle maison \u00e0 Balc\u00f3n al Mar ! <\/p>\n","protected":false},"featured_media":196249,"template":"","meta":[],"property_categories":[197],"city":[3],"zone":[362],"property-type":[203],"property-state":[199],"class_list":["post-196247","properties","type-properties","status-publish","has-post-thumbnail","hentry","property_categories-vendre","city-javea","zone-portichol-balcon-al-mar","property-type-maison-de-ville","property-state-vente"],"_links":{"self":[{"href":"https:\/\/atinainmobiliaria.com\/fr\/wp-json\/wp\/v2\/properties\/196247","targetHints":{"allow":["GET"]}}],"collection":[{"href":"https:\/\/atinainmobiliaria.com\/fr\/wp-json\/wp\/v2\/properties"}],"about":[{"href":"https:\/\/atinainmobiliaria.com\/fr\/wp-json\/wp\/v2\/types\/properties"}],"wp:featuredmedia":[{"embeddable":true,"href":"https:\/\/atinainmobiliaria.com\/fr\/wp-json\/wp\/v2\/media\/196249"}],"wp:attachment":[{"href":"https:\/\/atinainmobiliaria.com\/fr\/wp-json\/wp\/v2\/media?parent=196247"}],"wp:term":[{"taxonomy":"property_categories","embeddable":true,"href":"https:\/\/atinainmobiliaria.com\/fr\/wp-json\/wp\/v2\/property_categories?post=196247"},{"taxonomy":"city","embeddable":true,"href":"https:\/\/atinainmobiliaria.com\/fr\/wp-json\/wp\/v2\/city?post=196247"},{"taxonomy":"zone","embeddable":true,"href":"https:\/\/atinainmobiliaria.com\/fr\/wp-json\/wp\/v2\/zone?post=196247"},{"taxonomy":"property-type","embeddable":true,"href":"https:\/\/atinainmobiliaria.com\/fr\/wp-json\/wp\/v2\/property-type?post=196247"},{"taxonomy":"property-state","embeddable":true,"href":"https:\/\/atinainmobiliaria.com\/fr\/wp-json\/wp\/v2\/property-state?post=196247"}],"curies":[{"name":"wp","href":"https:\/\/api.w.org\/{rel}","templated":true}]}}