{"id":196049,"date":"2026-04-08T13:38:34","date_gmt":"2026-04-08T13:38:34","guid":{"rendered":"https:\/\/atinainmobiliaria.com\/properties\/maison-de-ville-situee-dans-le-quartier-calme-de-balcon-al-mar\/"},"modified":"2026-01-22T11:21:13","modified_gmt":"2026-01-22T11:21:13","slug":"maison-de-ville-situee-dans-le-quartier-calme-de-balcon-al-mar","status":"publish","type":"properties","link":"https:\/\/atinainmobiliaria.com\/fr\/properties\/maison-de-ville-situee-dans-le-quartier-calme-de-balcon-al-mar\/","title":{"rendered":"Maison de ville situ\u00e9e dans le quartier calme de Balc\u00f3n al Mar !"},"content":{"rendered":"<p>Nous vous pr\u00e9sentons cette maison de ville enti\u00e8rement r\u00e9nov\u00e9e avec 2 chambres et 2 salles de bains, situ\u00e9e dans le quartier exclusif et paisible de Balc\u00f3n al Mar, sur la Costa Blanca. Un endroit parfait pour ceux qui recherchent la paix et le confort, sans renoncer \u00e0 la proximit\u00e9 de tous les services. Les travaux de r\u00e9novation seront achev\u00e9s en avril 2025.<\/p>\n<p>La propri\u00e9t\u00e9 offre :<\/p>\n<p>2 chambres spacieuses, avec suffisamment d&rsquo;espace pour cr\u00e9er votre propre havre de paix.2 salles de bains compl\u00e8tes, avec des finitions modernes et de haute qualit\u00e9.2 Cuisine ouverte enti\u00e8rement \u00e9quip\u00e9e, de style contemporain, qui s&rsquo;int\u00e8gre parfaitement au salon-salle \u00e0 manger, cr\u00e9ant une atmosph\u00e8re lumineuse et accueillante. Jardin priv\u00e9 de 20 m\u00b2, id\u00e9al pour se d\u00e9tendre \u00e0 l&rsquo;ext\u00e9rieur, profiter des apr\u00e8s-midi ensoleill\u00e9s ou cr\u00e9er votre propre petit coin de verdure.Piscine priv\u00e9e de 280 x 160, pour se rafra\u00eechir et profiter du soleil en toute intimit\u00e9.Acc\u00e8s \u00e0 une grande place commune, un espace tranquille pour se promener et profiter de la r\u00e9gion.Cette maison de ville, enti\u00e8rement r\u00e9nov\u00e9e et dot\u00e9e de vastes espaces ext\u00e9rieurs, allie confort, intimit\u00e9 et design moderne, ce qui en fait une maison parfaite pour vivre toute l&rsquo;ann\u00e9e ou comme une escapade id\u00e9ale sur la Costa Blanca.<\/p>\n<p>Ne manquez pas cette occasion unique ! Contactez-nous pour plus d&rsquo;informations et pour planifier votre visite. <\/p>\n","protected":false},"featured_media":196050,"template":"","meta":[],"property_categories":[197],"city":[3],"zone":[362],"property-type":[203],"property-state":[199],"class_list":["post-196049","properties","type-properties","status-publish","has-post-thumbnail","hentry","property_categories-vendre","city-javea","zone-portichol-balcon-al-mar","property-type-maison-de-ville","property-state-vente"],"_links":{"self":[{"href":"https:\/\/atinainmobiliaria.com\/fr\/wp-json\/wp\/v2\/properties\/196049","targetHints":{"allow":["GET"]}}],"collection":[{"href":"https:\/\/atinainmobiliaria.com\/fr\/wp-json\/wp\/v2\/properties"}],"about":[{"href":"https:\/\/atinainmobiliaria.com\/fr\/wp-json\/wp\/v2\/types\/properties"}],"wp:featuredmedia":[{"embeddable":true,"href":"https:\/\/atinainmobiliaria.com\/fr\/wp-json\/wp\/v2\/media\/196050"}],"wp:attachment":[{"href":"https:\/\/atinainmobiliaria.com\/fr\/wp-json\/wp\/v2\/media?parent=196049"}],"wp:term":[{"taxonomy":"property_categories","embeddable":true,"href":"https:\/\/atinainmobiliaria.com\/fr\/wp-json\/wp\/v2\/property_categories?post=196049"},{"taxonomy":"city","embeddable":true,"href":"https:\/\/atinainmobiliaria.com\/fr\/wp-json\/wp\/v2\/city?post=196049"},{"taxonomy":"zone","embeddable":true,"href":"https:\/\/atinainmobiliaria.com\/fr\/wp-json\/wp\/v2\/zone?post=196049"},{"taxonomy":"property-type","embeddable":true,"href":"https:\/\/atinainmobiliaria.com\/fr\/wp-json\/wp\/v2\/property-type?post=196049"},{"taxonomy":"property-state","embeddable":true,"href":"https:\/\/atinainmobiliaria.com\/fr\/wp-json\/wp\/v2\/property-state?post=196049"}],"curies":[{"name":"wp","href":"https:\/\/api.w.org\/{rel}","templated":true}]}}