{"id":190669,"date":"2026-04-27T17:27:06","date_gmt":"2026-04-27T17:27:06","guid":{"rendered":"https:\/\/atinainmobiliaria.com\/properties\/villa-de-luxe-nouvellement-construite-et-prete-a-emmenager-a-vendre-a-javea-espagne\/"},"modified":"2026-03-31T10:50:50","modified_gmt":"2026-03-31T10:50:50","slug":"villa-de-luxe-nouvellement-construite-et-prete-a-emmenager-a-vendre-a-javea-espagne","status":"publish","type":"properties","link":"https:\/\/atinainmobiliaria.com\/fr\/properties\/villa-de-luxe-nouvellement-construite-et-prete-a-emmenager-a-vendre-a-javea-espagne\/","title":{"rendered":"Avant-garde architecturale et vues infinies : la nouvelle r\u00e9f\u00e9rence du luxe contemporain \u00e0 Balc\u00f3n al Mar"},"content":{"rendered":"<p>Dans la prestigieuse enclave de Balc\u00f3n al Mar, l&rsquo;un des endroits les plus convoit\u00e9s de la Costa Blanca pour sa parfaite symbiose entre intimit\u00e9 et nature, se trouve cette spectaculaire villa nouvellement construite qui red\u00e9finit le concept d&rsquo;exclusivit\u00e9 \u00e0 J\u00e1vea. Con\u00e7ue par un architecte de renom et ex\u00e9cut\u00e9e avec une pr\u00e9cision technique exceptionnelle, la propri\u00e9t\u00e9 repr\u00e9sente une opportunit\u00e9 unique sur le march\u00e9 pour ceux qui souhaitent une r\u00e9sidence haut de gamme pr\u00eate \u00e0 emm\u00e9nager, en \u00e9vitant les d\u00e9lais d&rsquo;attente des nouvelles constructions. Ce bijou de design contemporain, situ\u00e9 sur un terrain de 1 050 m\u00b2, s&rsquo;int\u00e8gre harmonieusement dans le paysage m\u00e9diterran\u00e9en, offrant une exp\u00e9rience de vie marqu\u00e9e par l&rsquo;\u00e9l\u00e9gance, la sophistication et des vues panoramiques in\u00e9gal\u00e9es sur les eaux turquoises de Portitxol.  <\/p>\n<p>Les 467 m\u00b2 de surface habitable sont am\u00e9nag\u00e9s de mani\u00e8re fluide et technologique, o\u00f9 un ascenseur priv\u00e9 relie tous les niveaux depuis le garage pour trois voitures jusqu&rsquo;aux \u00e9tages sup\u00e9rieurs, garantissant une accessibilit\u00e9 absolue et un confort sans pr\u00e9c\u00e9dent. Le c\u0153ur de la r\u00e9sidence est un rez-de-chauss\u00e9e ouvert et inond\u00e9 de lumi\u00e8re naturelle, o\u00f9 les grandes fen\u00eatres disparaissent pour fusionner le salon, la salle \u00e0 manger et une salle de piano raffin\u00e9e avec les vastes terrasses ext\u00e9rieures. La cuisine design, \u00e9quip\u00e9e de mat\u00e9riaux de la plus haute qualit\u00e9, s&rsquo;ouvre sur un lieu de vill\u00e9giature dot\u00e9 d&rsquo;une superbe piscine \u00e0 d\u00e9bordement de 13 m\u00e8tres et d&rsquo;un espace de r\u00e9ception ext\u00e9rieur avec barbecue, le tout soutenu par une efficacit\u00e9 \u00e9nerg\u00e9tique de classe A, un syst\u00e8me photovolta\u00efque, une domotique int\u00e9grale et un chauffage au sol avec contr\u00f4le ind\u00e9pendant dans chaque pi\u00e8ce.  <\/p>\n<p>L&rsquo;espace de repos et de bien-\u00eatre a \u00e9t\u00e9 con\u00e7u selon les normes de luxe les plus strictes, abritant cinq chambres et cinq salles de bains o\u00f9 les carreaux muraux de Porcelanosa et les \u00e9l\u00e9ments Geberit se distinguent, cr\u00e9ant une esth\u00e9tique de spa intemporelle et sophistiqu\u00e9e. La suite principale est un point de vue priv\u00e9 sur la M\u00e9diterran\u00e9e, tandis que l&rsquo;\u00e9tage inf\u00e9rieur \u00e9largit les possibilit\u00e9s de loisirs avec un deuxi\u00e8me salon, un bar et une salle polyvalente ultramoderne, id\u00e9ale pour un cin\u00e9ma priv\u00e9, une salle de sport ou un studio de yoga, selon les pr\u00e9f\u00e9rences du propri\u00e9taire. Cette villa n&rsquo;est pas seulement une propri\u00e9t\u00e9, mais une d\u00e9claration d&rsquo;intention architecturale qui offre un style de vie d&rsquo;\u00e9lite au c\u0153ur de l&rsquo;Espagne, invitant les acheteurs avis\u00e9s \u00e0 d\u00e9couvrir un havre o\u00f9 chaque d\u00e9tail a \u00e9t\u00e9 pens\u00e9 pour atteindre la perfection r\u00e9sidentielle.  <\/p>\n","protected":false},"featured_media":204021,"template":"","meta":[],"property_categories":[197],"city":[3],"zone":[21],"property-type":[233],"property-state":[199],"class_list":["post-190669","properties","type-properties","status-publish","has-post-thumbnail","hentry","property_categories-vendre","city-javea","zone-balcon-al-mar","property-type-villas-de-luxe","property-state-vente"],"_links":{"self":[{"href":"https:\/\/atinainmobiliaria.com\/fr\/wp-json\/wp\/v2\/properties\/190669","targetHints":{"allow":["GET"]}}],"collection":[{"href":"https:\/\/atinainmobiliaria.com\/fr\/wp-json\/wp\/v2\/properties"}],"about":[{"href":"https:\/\/atinainmobiliaria.com\/fr\/wp-json\/wp\/v2\/types\/properties"}],"wp:featuredmedia":[{"embeddable":true,"href":"https:\/\/atinainmobiliaria.com\/fr\/wp-json\/wp\/v2\/media\/204021"}],"wp:attachment":[{"href":"https:\/\/atinainmobiliaria.com\/fr\/wp-json\/wp\/v2\/media?parent=190669"}],"wp:term":[{"taxonomy":"property_categories","embeddable":true,"href":"https:\/\/atinainmobiliaria.com\/fr\/wp-json\/wp\/v2\/property_categories?post=190669"},{"taxonomy":"city","embeddable":true,"href":"https:\/\/atinainmobiliaria.com\/fr\/wp-json\/wp\/v2\/city?post=190669"},{"taxonomy":"zone","embeddable":true,"href":"https:\/\/atinainmobiliaria.com\/fr\/wp-json\/wp\/v2\/zone?post=190669"},{"taxonomy":"property-type","embeddable":true,"href":"https:\/\/atinainmobiliaria.com\/fr\/wp-json\/wp\/v2\/property-type?post=190669"},{"taxonomy":"property-state","embeddable":true,"href":"https:\/\/atinainmobiliaria.com\/fr\/wp-json\/wp\/v2\/property-state?post=190669"}],"curies":[{"name":"wp","href":"https:\/\/api.w.org\/{rel}","templated":true}]}}