{"id":189488,"date":"2026-03-10T17:55:39","date_gmt":"2026-03-10T17:55:39","guid":{"rendered":"https:\/\/atinainmobiliaria.com\/properties\/appartement-au-rez-de-chaussee-situe-en-3eme-ligne-de-la-plage-de-daimus-a-seulement-150-metres-de-la-mer\/"},"modified":"2025-11-10T17:31:31","modified_gmt":"2025-11-10T17:31:31","slug":"appartement-au-rez-de-chaussee-situe-en-3eme-ligne-de-la-plage-de-daimus-a-seulement-150-metres-de-la-mer","status":"publish","type":"properties","link":"https:\/\/atinainmobiliaria.com\/fr\/properties\/appartement-au-rez-de-chaussee-situe-en-3eme-ligne-de-la-plage-de-daimus-a-seulement-150-metres-de-la-mer\/","title":{"rendered":"Appartement au rez-de-chauss\u00e9e situ\u00e9 en 3\u00e8me ligne de la plage de Daim\u00fas, \u00e0 seulement 150 m\u00e8tres de la mer,"},"content":{"rendered":"<p>Appartement au rez-de-chauss\u00e9e situ\u00e9 en 3\u00e8me ligne de la plage de Daim\u00fas, \u00e0 seulement 150 m\u00e8tres de la mer, il dispose de deux chambres doubles, deux salles de bains, salon-salle \u00e0 manger ind\u00e9pendant, sol en gr\u00e8s, armoires encastr\u00e9es, grande terrasse, cuisine \u00e9quip\u00e9e, air conditionn\u00e9 froid\/chaud par conduits avec machine install\u00e9e, ascenseur, meubles inclus dans le prix, grandes zones communes avec piscine et zones de jardin, \u00e0 seulement 150 m\u00e8tres de la mer et \u00e0 proximit\u00e9 de tous les services offerts par la plage de Daim\u00fas.<\/p>\n<p>Daim\u00fas est situ\u00e9e dans la province de Valence, dans la r\u00e9gion de La Safor. Sa plage de sable blanc re\u00e7oit chaque ann\u00e9e des prix de qualit\u00e9 pour sa propret\u00e9 et les services de plage offerts.<\/p>\n","protected":false},"featured_media":189492,"template":"","meta":[],"property_categories":[197],"city":[67],"zone":[164],"property-type":[240],"property-state":[199],"class_list":["post-189488","properties","type-properties","status-publish","has-post-thumbnail","hentry","property_categories-vendre","city-daimus","zone-1a-linea-playa-daimus","property-type-rez-de-chaussee","property-state-vente"],"_links":{"self":[{"href":"https:\/\/atinainmobiliaria.com\/fr\/wp-json\/wp\/v2\/properties\/189488","targetHints":{"allow":["GET"]}}],"collection":[{"href":"https:\/\/atinainmobiliaria.com\/fr\/wp-json\/wp\/v2\/properties"}],"about":[{"href":"https:\/\/atinainmobiliaria.com\/fr\/wp-json\/wp\/v2\/types\/properties"}],"wp:featuredmedia":[{"embeddable":true,"href":"https:\/\/atinainmobiliaria.com\/fr\/wp-json\/wp\/v2\/media\/189492"}],"wp:attachment":[{"href":"https:\/\/atinainmobiliaria.com\/fr\/wp-json\/wp\/v2\/media?parent=189488"}],"wp:term":[{"taxonomy":"property_categories","embeddable":true,"href":"https:\/\/atinainmobiliaria.com\/fr\/wp-json\/wp\/v2\/property_categories?post=189488"},{"taxonomy":"city","embeddable":true,"href":"https:\/\/atinainmobiliaria.com\/fr\/wp-json\/wp\/v2\/city?post=189488"},{"taxonomy":"zone","embeddable":true,"href":"https:\/\/atinainmobiliaria.com\/fr\/wp-json\/wp\/v2\/zone?post=189488"},{"taxonomy":"property-type","embeddable":true,"href":"https:\/\/atinainmobiliaria.com\/fr\/wp-json\/wp\/v2\/property-type?post=189488"},{"taxonomy":"property-state","embeddable":true,"href":"https:\/\/atinainmobiliaria.com\/fr\/wp-json\/wp\/v2\/property-state?post=189488"}],"curies":[{"name":"wp","href":"https:\/\/api.w.org\/{rel}","templated":true}]}}