{"id":172537,"date":"2026-03-10T17:55:39","date_gmt":"2026-03-10T17:55:39","guid":{"rendered":"https:\/\/atinainmobiliaria.com\/properties\/genesis-un-luxe-ultramoderne-avec-domotique-et-vue-imprenable-sur-la-mer-a-la-corona-javea\/"},"modified":"2025-11-21T11:51:42","modified_gmt":"2025-11-21T11:51:42","slug":"genesis-un-luxe-ultramoderne-avec-domotique-et-vue-imprenable-sur-la-mer-a-la-corona-javea","status":"publish","type":"properties","link":"https:\/\/atinainmobiliaria.com\/fr\/properties\/genesis-un-luxe-ultramoderne-avec-domotique-et-vue-imprenable-sur-la-mer-a-la-corona-javea\/","title":{"rendered":"GENESIS &#8211; Un luxe ultramoderne avec domotique et vue imprenable sur la mer \u00e0 La Corona, J\u00e1vea"},"content":{"rendered":"<p>Nich\u00e9e dans le quartier r\u00e9sidentiel exclusif de La Corona \u00e0 X\u00e0bia, la Villa Genesis est une propri\u00e9t\u00e9 \u00e9tonnante qui red\u00e9finit le concept d&rsquo;architecture moderne en bord de mer. Situ\u00e9e \u00e0 flanc de colline, elle offre des vues panoramiques sur toute la baie et sur le bleu infini de la M\u00e9diterran\u00e9e. Une enclave unique alliant intimit\u00e9, design d&rsquo;avant-garde et proximit\u00e9 du centre historique et du port.  <\/p>\n<p>Con\u00e7ue pour allier esth\u00e9tique et fonctionnalit\u00e9, cette villa aux lignes \u00e9pur\u00e9es int\u00e8gre les derni\u00e8res technologies domotiques, permettant un contr\u00f4le intelligent de tous les syst\u00e8mes de la maison : \u00e9clairage, climatisation, s\u00e9curit\u00e9 et gestion de l&rsquo;\u00e9nergie, le tout sur simple pression d&rsquo;un bouton.<\/p>\n<p>Les int\u00e9rieurs se distinguent par leur espace, la qualit\u00e9 des mat\u00e9riaux et un agencement fluide con\u00e7u pour maximiser la lumi\u00e8re naturelle et la connexion avec le paysage. L&rsquo;exp\u00e9rience est compl\u00e9t\u00e9e par une terrasse de r\u00eave, une piscine \u00e0 d\u00e9bordement, un spa, une salle de sport, un cin\u00e9ma priv\u00e9 et un escalier flottant qui conf\u00e8re \u00e0 l&rsquo;espace un caract\u00e8re sculptural. <\/p>\n<p>La combinaison de son emplacement dans l&rsquo;une des zones les plus recherch\u00e9es de la Costa Blanca et de ses caract\u00e9ristiques haut de gamme fait de cette propri\u00e9t\u00e9 une r\u00e9f\u00e9rence en mati\u00e8re de style de vie contemporain \u00e0 X\u00e0bia.<\/p>\n","protected":false},"featured_media":172050,"template":"","meta":[],"property_categories":[197],"city":[3],"zone":[111],"property-type":[233],"property-state":[199],"class_list":["post-172537","properties","type-properties","status-publish","has-post-thumbnail","hentry","property_categories-vendre","city-javea","zone-la-corona","property-type-villas-de-luxe","property-state-vente"],"_links":{"self":[{"href":"https:\/\/atinainmobiliaria.com\/fr\/wp-json\/wp\/v2\/properties\/172537","targetHints":{"allow":["GET"]}}],"collection":[{"href":"https:\/\/atinainmobiliaria.com\/fr\/wp-json\/wp\/v2\/properties"}],"about":[{"href":"https:\/\/atinainmobiliaria.com\/fr\/wp-json\/wp\/v2\/types\/properties"}],"wp:featuredmedia":[{"embeddable":true,"href":"https:\/\/atinainmobiliaria.com\/fr\/wp-json\/wp\/v2\/media\/172050"}],"wp:attachment":[{"href":"https:\/\/atinainmobiliaria.com\/fr\/wp-json\/wp\/v2\/media?parent=172537"}],"wp:term":[{"taxonomy":"property_categories","embeddable":true,"href":"https:\/\/atinainmobiliaria.com\/fr\/wp-json\/wp\/v2\/property_categories?post=172537"},{"taxonomy":"city","embeddable":true,"href":"https:\/\/atinainmobiliaria.com\/fr\/wp-json\/wp\/v2\/city?post=172537"},{"taxonomy":"zone","embeddable":true,"href":"https:\/\/atinainmobiliaria.com\/fr\/wp-json\/wp\/v2\/zone?post=172537"},{"taxonomy":"property-type","embeddable":true,"href":"https:\/\/atinainmobiliaria.com\/fr\/wp-json\/wp\/v2\/property-type?post=172537"},{"taxonomy":"property-state","embeddable":true,"href":"https:\/\/atinainmobiliaria.com\/fr\/wp-json\/wp\/v2\/property-state?post=172537"}],"curies":[{"name":"wp","href":"https:\/\/api.w.org\/{rel}","templated":true}]}}