{"id":168163,"date":"2026-03-10T17:55:39","date_gmt":"2026-03-10T17:55:39","guid":{"rendered":"https:\/\/atinainmobiliaria.com\/properties\/villa-avec-piscine-vue-sur-la-mer-et-grand-potentiel-sur-la-costa-blanca\/"},"modified":"2025-11-21T11:50:26","modified_gmt":"2025-11-21T11:50:26","slug":"villa-avec-piscine-vue-sur-la-mer-et-grand-potentiel-sur-la-costa-blanca","status":"publish","type":"properties","link":"https:\/\/atinainmobiliaria.com\/fr\/properties\/villa-avec-piscine-vue-sur-la-mer-et-grand-potentiel-sur-la-costa-blanca\/","title":{"rendered":"Villa avec piscine, vue sur la mer et grand potentiel sur la Costa Blanca"},"content":{"rendered":"<p>Charme m\u00e9diterran\u00e9en avec vue sur la mer : une maison accueillante Nich\u00e9e dans une urbanisation tranquille avec toutes les commodit\u00e9s \u00e0 port\u00e9e de main &#8211; restaurants, supermarch\u00e9, \u00e9cole internationale &#8211; et \u00e0 seulement 15 minutes des villes recherch\u00e9es de J\u00e1vea et Moraira, cette villa offre une combinaison parfaite de fonctionnalit\u00e9, de confort et d&rsquo;environnement naturel.<\/p>\n<p>D\u00e8s l&rsquo;arriv\u00e9e, un jardin m\u00e9diterran\u00e9en peu entretenu entoure la propri\u00e9t\u00e9, laissant pr\u00e9sager la s\u00e9r\u00e9nit\u00e9 qui r\u00e8gne \u00e0 chaque coin de rue. Depuis le parking, des escaliers m\u00e8nent \u00e0 l&rsquo;entr\u00e9e principale, r\u00e9v\u00e9lant une propri\u00e9t\u00e9 parfaitement distribu\u00e9e sur un seul \u00e9tage. <\/p>\n<p>Le c\u0153ur de la maison est un spacieux salon \u00e0 double hauteur avec chemin\u00e9e, baign\u00e9 de lumi\u00e8re naturelle par une grande fen\u00eatre. De l\u00e0, l&rsquo;acc\u00e8s \u00e0 la Naya et \u00e0 la terrasse offre une transition en douceur vers l&rsquo;espace piscine, o\u00f9 la mer devient un spectacle quotidien. <\/p>\n<p>La cuisine de style am\u00e9ricain est int\u00e9gr\u00e9e au salon-salle \u00e0 manger, ce qui favorise un style de vie ouvert et social. La villa dispose de trois chambres \u00e0 coucher avec placards et de deux salles de bains, configurant des espaces priv\u00e9s con\u00e7us pour le confort. <\/p>\n<p>Chaque pi\u00e8ce est \u00e9quip\u00e9e d&rsquo;une climatisation split chaud\/froid, garantissant une temp\u00e9rature parfaite \u00e0 tout moment de l&rsquo;ann\u00e9e. Au-del\u00e0 de ses qualit\u00e9s actuelles, cette propri\u00e9t\u00e9 a un grand potentiel \u00e0 personnaliser et \u00e0 convertir en une maison unique. <\/p>\n<p>Plus qu&rsquo;une maison, un style de vie con\u00e7u pour \u00eatre appr\u00e9ci\u00e9 sans h\u00e2te, entour\u00e9 de beaut\u00e9 et de tranquillit\u00e9.<\/p>\n","protected":false},"featured_media":166853,"template":"","meta":[],"property_categories":[197],"city":[116],"zone":[163],"property-type":[264],"property-state":[199],"class_list":["post-168163","properties","type-properties","status-publish","has-post-thumbnail","hentry","property_categories-vendre","city-benitachell","zone-cumbre-del-sol","property-type-villas-fr","property-state-vente"],"_links":{"self":[{"href":"https:\/\/atinainmobiliaria.com\/fr\/wp-json\/wp\/v2\/properties\/168163","targetHints":{"allow":["GET"]}}],"collection":[{"href":"https:\/\/atinainmobiliaria.com\/fr\/wp-json\/wp\/v2\/properties"}],"about":[{"href":"https:\/\/atinainmobiliaria.com\/fr\/wp-json\/wp\/v2\/types\/properties"}],"wp:featuredmedia":[{"embeddable":true,"href":"https:\/\/atinainmobiliaria.com\/fr\/wp-json\/wp\/v2\/media\/166853"}],"wp:attachment":[{"href":"https:\/\/atinainmobiliaria.com\/fr\/wp-json\/wp\/v2\/media?parent=168163"}],"wp:term":[{"taxonomy":"property_categories","embeddable":true,"href":"https:\/\/atinainmobiliaria.com\/fr\/wp-json\/wp\/v2\/property_categories?post=168163"},{"taxonomy":"city","embeddable":true,"href":"https:\/\/atinainmobiliaria.com\/fr\/wp-json\/wp\/v2\/city?post=168163"},{"taxonomy":"zone","embeddable":true,"href":"https:\/\/atinainmobiliaria.com\/fr\/wp-json\/wp\/v2\/zone?post=168163"},{"taxonomy":"property-type","embeddable":true,"href":"https:\/\/atinainmobiliaria.com\/fr\/wp-json\/wp\/v2\/property-type?post=168163"},{"taxonomy":"property-state","embeddable":true,"href":"https:\/\/atinainmobiliaria.com\/fr\/wp-json\/wp\/v2\/property-state?post=168163"}],"curies":[{"name":"wp","href":"https:\/\/api.w.org\/{rel}","templated":true}]}}