{"id":168161,"date":"2026-03-10T17:55:39","date_gmt":"2026-03-10T17:55:39","guid":{"rendered":"https:\/\/atinainmobiliaria.com\/properties\/superbe-villa-de-style-ibicenco-dans-un-cadre-naturel-avec-piscine-a-debordement\/"},"modified":"2025-11-21T11:50:40","modified_gmt":"2025-11-21T11:50:40","slug":"superbe-villa-de-style-ibicenco-dans-un-cadre-naturel-avec-piscine-a-debordement","status":"publish","type":"properties","link":"https:\/\/atinainmobiliaria.com\/fr\/properties\/superbe-villa-de-style-ibicenco-dans-un-cadre-naturel-avec-piscine-a-debordement\/","title":{"rendered":"Superbe villa de style ibicenco dans un cadre naturel avec piscine \u00e0 d\u00e9bordement"},"content":{"rendered":"<p>Villa de style ib\u00e9rique avec piscine \u00e0 d\u00e9bordement et vue imprenable dans un environnement naturel<\/p>\n<p>Nich\u00e9e dans l&rsquo;une des zones les plus paisibles et les plus exclusives, entour\u00e9e par la nature et b\u00e9n\u00e9ficiant d&rsquo;une intimit\u00e9 in\u00e9gal\u00e9e, cette charmante villa de style ibizien combine parfaitement un design contemporain, des mat\u00e9riaux de haute qualit\u00e9 et un am\u00e9nagement con\u00e7u pour le confort et la vie m\u00e9diterran\u00e9enne.<\/p>\n<p>Espaces spacieux et multifonctionnelsDistribu\u00e9e sur trois niveaux, la propri\u00e9t\u00e9 offre des pi\u00e8ces polyvalentes et lumineuses. Au sous-sol, vous trouverez un bureau priv\u00e9 avec acc\u00e8s \u00e0 un petit patio, une salle de sport, un d\u00e9barras, une buanderie, des toilettes pour invit\u00e9s et une grande pi\u00e8ce de 45 m\u00b2 avec salle de bains compl\u00e8te, id\u00e9ale comme salle de cin\u00e9ma, salle de jeux ou appartement d&rsquo;invit\u00e9s. <\/p>\n<p>L&rsquo;\u00e9tage principal se distingue par son concept ouvert et \u00e9l\u00e9gant. Une cuisine ouverte avec garde-manger fusionne avec le salon-salle \u00e0 manger, cr\u00e9ant une atmosph\u00e8re chaleureuse qui se connecte directement \u00e0 la terrasse principale. Ici, la piscine \u00e0 d\u00e9bordement devient le point central, entour\u00e9e de verdure et avec une orientation id\u00e9ale pour profiter du soleil toute la journ\u00e9e. Cet \u00e9tage comprend \u00e9galement une chambre \u00e0 coucher avec salle de bains attenante et armoires encastr\u00e9es, ainsi qu&rsquo;une salle de bains suppl\u00e9mentaire pour les invit\u00e9s.   <\/p>\n<p>L&rsquo;\u00e9tage sup\u00e9rieur abrite deux chambres doubles, toutes deux dot\u00e9es d&rsquo;armoires encastr\u00e9es, de salles de bains privatives et d&rsquo;un acc\u00e8s direct \u00e0 des terrasses priv\u00e9es offrant une vue imprenable. C&rsquo;est l&rsquo;endroit id\u00e9al pour se d\u00e9tendre au lever ou au coucher du soleil, dans un calme absolu. <\/p>\n<p>Des d\u00e9tails qui font la diff\u00e9renceLa villa dispose d&rsquo;un parking pour deux v\u00e9hicules, d&rsquo;une climatisation efficace et de finitions soigneusement s\u00e9lectionn\u00e9es qui donnent une impression de chaleur et d&rsquo;intemporalit\u00e9 \u00e0 chaque coin.<\/p>\n<p>Une propri\u00e9t\u00e9 id\u00e9ale \u00e0 la fois comme r\u00e9sidence principale et pour ceux qui recherchent une r\u00e9sidence secondaire dans une enclave privil\u00e9gi\u00e9e, o\u00f9 le calme, la lumi\u00e8re et l&rsquo;\u00e9l\u00e9gance se fondent dans un style de vie unique.<\/p>\n<p>Contactez-nous pour plus de d\u00e9tails ou pour organiser une visite priv\u00e9e.<\/p>\n","protected":false},"featured_media":179740,"template":"","meta":[],"property_categories":[197],"city":[3],"zone":[366],"property-type":[264],"property-state":[199],"class_list":["post-168161","properties","type-properties","status-publish","has-post-thumbnail","hentry","property_categories-vendre","city-javea","zone-partida-comunes-adsubia","property-type-villas-fr","property-state-vente"],"_links":{"self":[{"href":"https:\/\/atinainmobiliaria.com\/fr\/wp-json\/wp\/v2\/properties\/168161","targetHints":{"allow":["GET"]}}],"collection":[{"href":"https:\/\/atinainmobiliaria.com\/fr\/wp-json\/wp\/v2\/properties"}],"about":[{"href":"https:\/\/atinainmobiliaria.com\/fr\/wp-json\/wp\/v2\/types\/properties"}],"wp:featuredmedia":[{"embeddable":true,"href":"https:\/\/atinainmobiliaria.com\/fr\/wp-json\/wp\/v2\/media\/179740"}],"wp:attachment":[{"href":"https:\/\/atinainmobiliaria.com\/fr\/wp-json\/wp\/v2\/media?parent=168161"}],"wp:term":[{"taxonomy":"property_categories","embeddable":true,"href":"https:\/\/atinainmobiliaria.com\/fr\/wp-json\/wp\/v2\/property_categories?post=168161"},{"taxonomy":"city","embeddable":true,"href":"https:\/\/atinainmobiliaria.com\/fr\/wp-json\/wp\/v2\/city?post=168161"},{"taxonomy":"zone","embeddable":true,"href":"https:\/\/atinainmobiliaria.com\/fr\/wp-json\/wp\/v2\/zone?post=168161"},{"taxonomy":"property-type","embeddable":true,"href":"https:\/\/atinainmobiliaria.com\/fr\/wp-json\/wp\/v2\/property-type?post=168161"},{"taxonomy":"property-state","embeddable":true,"href":"https:\/\/atinainmobiliaria.com\/fr\/wp-json\/wp\/v2\/property-state?post=168161"}],"curies":[{"name":"wp","href":"https:\/\/api.w.org\/{rel}","templated":true}]}}