{"id":164768,"date":"2026-03-10T17:55:39","date_gmt":"2026-03-10T17:55:39","guid":{"rendered":"https:\/\/atinainmobiliaria.com\/properties\/villa-avec-ame-mediterraneenne-piscine-et-jardin-prive-sur-la-cote-de-javea\/"},"modified":"2025-11-21T11:50:03","modified_gmt":"2025-11-21T11:50:03","slug":"villa-avec-ame-mediterraneenne-piscine-et-jardin-prive-sur-la-cote-de-javea","status":"publish","type":"properties","link":"https:\/\/atinainmobiliaria.com\/fr\/properties\/villa-avec-ame-mediterraneenne-piscine-et-jardin-prive-sur-la-cote-de-javea\/","title":{"rendered":"Villa avec \u00e2me m\u00e9diterran\u00e9enne, piscine et jardin priv\u00e9 sur la c\u00f4te de J\u00e1vea"},"content":{"rendered":"<p>Charme m\u00e9diterran\u00e9en de plain-pied avec jardin et piscine priv\u00e9e \u00e0 Balc\u00f3n al Mar, J\u00e1vea<\/p>\n<p>Dans l&rsquo;une des zones les plus paisibles et d\u00e9sirables de J\u00e1vea, cette villa de style m\u00e9diterran\u00e9en offre un cadre parfait pour profiter du climat m\u00e9diterran\u00e9en et de la lumi\u00e8re tout au long de l&rsquo;ann\u00e9e. Avec une surface de 134 m\u00b2 r\u00e9partie sur un seul \u00e9tage, la propri\u00e9t\u00e9 allie confort, espace et un design qui s&rsquo;articule naturellement entre l&rsquo;int\u00e9rieur et l&rsquo;ext\u00e9rieur. <\/p>\n<p>Depuis la terrasse principale, on acc\u00e8de \u00e0 un spacieux salon-salle \u00e0 manger baign\u00e9 de lumi\u00e8re naturelle, qui s&rsquo;ouvre sur une cuisine \u00e0 l&rsquo;am\u00e9ricaine. La propri\u00e9t\u00e9 dispose de quatre chambres spacieuses et lumineuses, ainsi que de deux salles de bains avec douche, offrant un \u00e9quilibre parfait entre fonctionnalit\u00e9 et style. <\/p>\n<p>\u00c0 l&rsquo;ext\u00e9rieur, le jardin en gazon naturel entoure une piscine priv\u00e9e qui vous invite \u00e0 vous d\u00e9tendre \u00e0 tout moment de l&rsquo;ann\u00e9e. L&rsquo;espace barbecue est un atout suppl\u00e9mentaire pour ceux qui aiment les rassemblements en plein air. Il y a \u00e9galement suffisamment d&rsquo;espace pour garer confortablement plusieurs v\u00e9hicules sur le terrain.  <\/p>\n<p>Situ\u00e9e \u00e0 Balc\u00f3n al Mar, un quartier r\u00e9sidentiel connu pour sa tranquillit\u00e9, sa nature et sa proximit\u00e9 avec des criques telles que Granadella et Portitxol, cette villa repr\u00e9sente une opportunit\u00e9 unique pour ceux qui recherchent une vie m\u00e9diterran\u00e9enne authentique, que ce soit en tant que r\u00e9sidence permanente, maison de vacances ou investissement.<\/p>\n","protected":false},"featured_media":162389,"template":"","meta":[],"property_categories":[197],"city":[3],"zone":[362],"property-type":[264],"property-state":[199],"class_list":["post-164768","properties","type-properties","status-publish","has-post-thumbnail","hentry","property_categories-vendre","city-javea","zone-portichol-balcon-al-mar","property-type-villas-fr","property-state-vente"],"_links":{"self":[{"href":"https:\/\/atinainmobiliaria.com\/fr\/wp-json\/wp\/v2\/properties\/164768","targetHints":{"allow":["GET"]}}],"collection":[{"href":"https:\/\/atinainmobiliaria.com\/fr\/wp-json\/wp\/v2\/properties"}],"about":[{"href":"https:\/\/atinainmobiliaria.com\/fr\/wp-json\/wp\/v2\/types\/properties"}],"wp:featuredmedia":[{"embeddable":true,"href":"https:\/\/atinainmobiliaria.com\/fr\/wp-json\/wp\/v2\/media\/162389"}],"wp:attachment":[{"href":"https:\/\/atinainmobiliaria.com\/fr\/wp-json\/wp\/v2\/media?parent=164768"}],"wp:term":[{"taxonomy":"property_categories","embeddable":true,"href":"https:\/\/atinainmobiliaria.com\/fr\/wp-json\/wp\/v2\/property_categories?post=164768"},{"taxonomy":"city","embeddable":true,"href":"https:\/\/atinainmobiliaria.com\/fr\/wp-json\/wp\/v2\/city?post=164768"},{"taxonomy":"zone","embeddable":true,"href":"https:\/\/atinainmobiliaria.com\/fr\/wp-json\/wp\/v2\/zone?post=164768"},{"taxonomy":"property-type","embeddable":true,"href":"https:\/\/atinainmobiliaria.com\/fr\/wp-json\/wp\/v2\/property-type?post=164768"},{"taxonomy":"property-state","embeddable":true,"href":"https:\/\/atinainmobiliaria.com\/fr\/wp-json\/wp\/v2\/property-state?post=164768"}],"curies":[{"name":"wp","href":"https:\/\/api.w.org\/{rel}","templated":true}]}}