{"id":142550,"date":"2026-03-10T17:55:39","date_gmt":"2026-03-10T17:55:39","guid":{"rendered":"https:\/\/atinainmobiliaria.com\/properties\/vivez-le-luxe-au-bord-de-la-mer-appartement-au-rez-de-chaussee-a-montanar-i-javea-avec-terrasse-piscine-et-air-conditionne\/"},"modified":"2025-11-21T11:48:49","modified_gmt":"2025-11-21T11:48:49","slug":"vivez-le-luxe-au-bord-de-la-mer-appartement-au-rez-de-chaussee-a-montanar-i-javea-avec-terrasse-piscine-et-air-conditionne","status":"publish","type":"properties","link":"https:\/\/atinainmobiliaria.com\/fr\/properties\/vivez-le-luxe-au-bord-de-la-mer-appartement-au-rez-de-chaussee-a-montanar-i-javea-avec-terrasse-piscine-et-air-conditionne\/","title":{"rendered":"Vivez le luxe au bord de la mer ! Appartement au rez-de-chauss\u00e9e \u00e0 Monta\u00f1ar I J\u00e1vea avec terrasse, piscine et air conditionn\u00e9."},"content":{"rendered":"<p>Opportunit\u00e9 unique \u00e0 Monta\u00f1ar I \u00e0 J\u00e1vea ! Ce magnifique appartement de 108 m\u00b2 au rez-de-chauss\u00e9e, expos\u00e9 au sud, est situ\u00e9 dans l&rsquo;un des quartiers les plus recherch\u00e9s de J\u00e1vea, \u00e0 quelques pas de la mer et avec tous les services \u00e0 port\u00e9e de main. La propri\u00e9t\u00e9 dispose de 3 chambres spacieuses avec placards, l&rsquo;une d&rsquo;entre elles avec salle de bain en suite, et une deuxi\u00e8me salle de bain compl\u00e8te. La cuisine est ind\u00e9pendante et est reli\u00e9e au salon-salle \u00e0 manger, qui donne un acc\u00e8s direct \u00e0 une spectaculaire terrasse priv\u00e9e de 47 m\u00b2, id\u00e9ale pour profiter de l&rsquo;ext\u00e9rieur tout au long de l&rsquo;ann\u00e9e. La propri\u00e9t\u00e9 dispose de l&rsquo;air conditionn\u00e9 et d&rsquo;un chauffage priv\u00e9, garantissant un confort tout au long de l&rsquo;ann\u00e9e. Situ\u00e9e dans une communaut\u00e9 ferm\u00e9e, cette propri\u00e9t\u00e9 offre des espaces communs fantastiques : piscine commune, espaces verts, salle de sport avec sauna sec et parking priv\u00e9. Gr\u00e2ce \u00e0 son orientation sud, la propri\u00e9t\u00e9 b\u00e9n\u00e9ficie d&rsquo;une lumi\u00e8re naturelle tout au long de la journ\u00e9e. Elle est parfaite comme r\u00e9sidence permanente, r\u00e9sidence secondaire ou investissement locatif de vacances. Une opportunit\u00e9 id\u00e9ale pour vivre pr\u00e8s de la mer dans un environnement calme et exclusif. Ne manquez pas cette opportunit\u00e9 et contactez-nous pour plus d&rsquo;informations ou pour organiser une visite.         <\/p>\n","protected":false},"featured_media":142088,"template":"","meta":[],"property_categories":[197],"city":[3],"zone":[381],"property-type":[237],"property-state":[199],"class_list":["post-142550","properties","type-properties","status-publish","has-post-thumbnail","hentry","property_categories-vendre","city-javea","zone-montanar-el-arenal","property-type-appartement","property-state-vente"],"_links":{"self":[{"href":"https:\/\/atinainmobiliaria.com\/fr\/wp-json\/wp\/v2\/properties\/142550","targetHints":{"allow":["GET"]}}],"collection":[{"href":"https:\/\/atinainmobiliaria.com\/fr\/wp-json\/wp\/v2\/properties"}],"about":[{"href":"https:\/\/atinainmobiliaria.com\/fr\/wp-json\/wp\/v2\/types\/properties"}],"wp:featuredmedia":[{"embeddable":true,"href":"https:\/\/atinainmobiliaria.com\/fr\/wp-json\/wp\/v2\/media\/142088"}],"wp:attachment":[{"href":"https:\/\/atinainmobiliaria.com\/fr\/wp-json\/wp\/v2\/media?parent=142550"}],"wp:term":[{"taxonomy":"property_categories","embeddable":true,"href":"https:\/\/atinainmobiliaria.com\/fr\/wp-json\/wp\/v2\/property_categories?post=142550"},{"taxonomy":"city","embeddable":true,"href":"https:\/\/atinainmobiliaria.com\/fr\/wp-json\/wp\/v2\/city?post=142550"},{"taxonomy":"zone","embeddable":true,"href":"https:\/\/atinainmobiliaria.com\/fr\/wp-json\/wp\/v2\/zone?post=142550"},{"taxonomy":"property-type","embeddable":true,"href":"https:\/\/atinainmobiliaria.com\/fr\/wp-json\/wp\/v2\/property-type?post=142550"},{"taxonomy":"property-state","embeddable":true,"href":"https:\/\/atinainmobiliaria.com\/fr\/wp-json\/wp\/v2\/property-state?post=142550"}],"curies":[{"name":"wp","href":"https:\/\/api.w.org\/{rel}","templated":true}]}}