{"id":133197,"date":"2026-03-10T17:55:39","date_gmt":"2026-03-10T17:55:39","guid":{"rendered":"https:\/\/atinainmobiliaria.com\/properties\/villa-impressionnante-avec-vue-sur-la-mer-a-270-a-balcon-al-mar-javea\/"},"modified":"2025-11-21T11:48:21","modified_gmt":"2025-11-21T11:48:21","slug":"villa-impressionnante-avec-vue-sur-la-mer-a-270-a-balcon-al-mar-javea","status":"publish","type":"properties","link":"https:\/\/atinainmobiliaria.com\/fr\/properties\/villa-impressionnante-avec-vue-sur-la-mer-a-270-a-balcon-al-mar-javea\/","title":{"rendered":"Villa impressionnante avec vue sur la mer \u00e0 270\u00b0 \u00e0 Balc\u00f3n al Mar, J\u00e1vea"},"content":{"rendered":"<p>Situ\u00e9e au sommet de la zone, cette superbe propri\u00e9t\u00e9 offre des vues panoramiques sur la mer \u00e0 270 degr\u00e9s qui vous laisseront sans voix.<\/p>\n<p>La villa comprend quatre chambres, dont deux suites avec salle de bains \u00e0 l&rsquo;\u00e9tage sup\u00e9rieur, offrant une retraite exclusive avec des vues spectaculaires. Au rez-de-chauss\u00e9e, vous trouverez deux chambres suppl\u00e9mentaires, id\u00e9ales pour la famille ou les invit\u00e9s. <\/p>\n<p>Le salon spacieux, avec chemin\u00e9e, est reli\u00e9 \u00e0 une \u00e9l\u00e9gante salle \u00e0 manger o\u00f9 vous pourrez profiter de la vue tout en partageant un repas. La cuisine moderne, avec bar et coin repas suppl\u00e9mentaire, s&rsquo;ouvre sur la terrasse et la piscine, cr\u00e9ant un espace parfait pour recevoir des invit\u00e9s ou se d\u00e9tendre \u00e0 l&rsquo;ext\u00e9rieur. <\/p>\n<p>Distribu\u00e9e sur trois \u00e9tages, cette villa dispose \u00e9galement d&rsquo;un appartement s\u00e9par\u00e9, actuellement utilis\u00e9 comme bureau, avec un grand potentiel pour \u00eatre converti en suite d&rsquo;invit\u00e9s ou en espace locatif.<\/p>\n<p>\u00c0 quelques minutes en voiture de l&rsquo;Arenal de J\u00e1vea et entour\u00e9e de restaurants et de supermarch\u00e9s, cette villa est parfaitement situ\u00e9e pour profiter de la vie quotidienne. Vous pourrez \u00e9galement explorer les magnifiques points de vue \u00e0 proximit\u00e9 et vous immerger dans la beaut\u00e9 naturelle de la r\u00e9gion. <\/p>\n<p>Avec le chauffage et la climatisation par a\u00e9rothermie, le double vitrage et deux garages, cette villa offre un confort tout au long de l&rsquo;ann\u00e9e. Elle dispose \u00e9galement de grandes terrasses et d&rsquo;espaces pour profiter \u00e0 la fois du soleil et de l&rsquo;ombre, en s&rsquo;adaptant \u00e0 tous vos souhaits. <\/p>\n<p>Ne manquez pas l&rsquo;opportunit\u00e9 de vivre dans l&rsquo;une des zones les plus exclusives d&rsquo;Espagne ! Contactez-nous d\u00e8s aujourd&rsquo;hui pour plus d&rsquo;informations. <\/p>\n","protected":false},"featured_media":128948,"template":"","meta":[],"property_categories":[197],"city":[3],"zone":[21],"property-type":[264],"property-state":[199],"class_list":["post-133197","properties","type-properties","status-publish","has-post-thumbnail","hentry","property_categories-vendre","city-javea","zone-balcon-al-mar","property-type-villas-fr","property-state-vente"],"_links":{"self":[{"href":"https:\/\/atinainmobiliaria.com\/fr\/wp-json\/wp\/v2\/properties\/133197","targetHints":{"allow":["GET"]}}],"collection":[{"href":"https:\/\/atinainmobiliaria.com\/fr\/wp-json\/wp\/v2\/properties"}],"about":[{"href":"https:\/\/atinainmobiliaria.com\/fr\/wp-json\/wp\/v2\/types\/properties"}],"wp:featuredmedia":[{"embeddable":true,"href":"https:\/\/atinainmobiliaria.com\/fr\/wp-json\/wp\/v2\/media\/128948"}],"wp:attachment":[{"href":"https:\/\/atinainmobiliaria.com\/fr\/wp-json\/wp\/v2\/media?parent=133197"}],"wp:term":[{"taxonomy":"property_categories","embeddable":true,"href":"https:\/\/atinainmobiliaria.com\/fr\/wp-json\/wp\/v2\/property_categories?post=133197"},{"taxonomy":"city","embeddable":true,"href":"https:\/\/atinainmobiliaria.com\/fr\/wp-json\/wp\/v2\/city?post=133197"},{"taxonomy":"zone","embeddable":true,"href":"https:\/\/atinainmobiliaria.com\/fr\/wp-json\/wp\/v2\/zone?post=133197"},{"taxonomy":"property-type","embeddable":true,"href":"https:\/\/atinainmobiliaria.com\/fr\/wp-json\/wp\/v2\/property-type?post=133197"},{"taxonomy":"property-state","embeddable":true,"href":"https:\/\/atinainmobiliaria.com\/fr\/wp-json\/wp\/v2\/property-state?post=133197"}],"curies":[{"name":"wp","href":"https:\/\/api.w.org\/{rel}","templated":true}]}}