{"id":109254,"date":"2026-03-10T17:55:39","date_gmt":"2026-03-10T17:55:39","guid":{"rendered":"https:\/\/atinainmobiliaria.com\/properties\/villa-de-style-mediterraneen-a-balcon-al-mar-javea\/"},"modified":"2025-11-21T11:47:19","modified_gmt":"2025-11-21T11:47:19","slug":"villa-de-style-mediterraneen-a-balcon-al-mar-javea","status":"publish","type":"properties","link":"https:\/\/atinainmobiliaria.com\/fr\/properties\/villa-de-style-mediterraneen-a-balcon-al-mar-javea\/","title":{"rendered":"Villa de style m\u00e9diterran\u00e9en \u00e0 Balc\u00f3n al Mar, J\u00e1vea !"},"content":{"rendered":"<p>Cette impressionnante villa de deux \u00e9tages, construite en 1979, b\u00e9n\u00e9ficie d&rsquo;une situation privil\u00e9gi\u00e9e \u00e0 Balc\u00f3n al Mar, J\u00e1vea, et offre des vues panoramiques in\u00e9gal\u00e9es sur la mer.<\/p>\n<p>La propri\u00e9t\u00e9, situ\u00e9e sur un vaste terrain de 2 469 m\u00b2, dispose d&rsquo;un magnifique jardin priv\u00e9 entourant la maison, id\u00e9al pour profiter du climat m\u00e9diterran\u00e9en en toute intimit\u00e9. Parmi ses caract\u00e9ristiques exceptionnelles, elle comprend une piscine priv\u00e9e, son propre puits et un garage priv\u00e9 avec salle de stockage, ce qui lui conf\u00e8re un grand confort et une grande fonctionnalit\u00e9. <\/p>\n<p>\u00c0 l&rsquo;int\u00e9rieur, la villa offre quatre chambres spacieuses avec placards, trois salles de bains compl\u00e8tes, une buanderie et une cuisine ind\u00e9pendante et enti\u00e8rement \u00e9quip\u00e9e. En outre, le salon-salle \u00e0 manger lumineux dispose d&rsquo;une chemin\u00e9e et de grandes fen\u00eatres qui donnent un acc\u00e8s direct \u00e0 la terrasse, o\u00f9 vous pourrez profiter de la vue sur la mer tout en vous relaxant. <\/p>\n<p>Toutes les portes et fen\u00eatres sont \u00e0 double vitrage et prot\u00e9g\u00e9es par des barreaux, ce qui garantit la s\u00e9curit\u00e9 et l&rsquo;isolation.<\/p>\n<p>Ne manquez pas cette opportunit\u00e9 de vivre dans l&rsquo;un des meilleurs coins de Javea ! Contactez-nous pour plus d&rsquo;informations ou pour organiser une visite. <\/p>\n","protected":false},"featured_media":109530,"template":"","meta":[],"property_categories":[197],"city":[3],"zone":[21],"property-type":[226],"property-state":[199],"class_list":["post-109254","properties","type-properties","status-publish","has-post-thumbnail","hentry","property_categories-vendre","city-javea","zone-balcon-al-mar","property-type-villa-fr","property-state-vente"],"_links":{"self":[{"href":"https:\/\/atinainmobiliaria.com\/fr\/wp-json\/wp\/v2\/properties\/109254","targetHints":{"allow":["GET"]}}],"collection":[{"href":"https:\/\/atinainmobiliaria.com\/fr\/wp-json\/wp\/v2\/properties"}],"about":[{"href":"https:\/\/atinainmobiliaria.com\/fr\/wp-json\/wp\/v2\/types\/properties"}],"wp:featuredmedia":[{"embeddable":true,"href":"https:\/\/atinainmobiliaria.com\/fr\/wp-json\/wp\/v2\/media\/109530"}],"wp:attachment":[{"href":"https:\/\/atinainmobiliaria.com\/fr\/wp-json\/wp\/v2\/media?parent=109254"}],"wp:term":[{"taxonomy":"property_categories","embeddable":true,"href":"https:\/\/atinainmobiliaria.com\/fr\/wp-json\/wp\/v2\/property_categories?post=109254"},{"taxonomy":"city","embeddable":true,"href":"https:\/\/atinainmobiliaria.com\/fr\/wp-json\/wp\/v2\/city?post=109254"},{"taxonomy":"zone","embeddable":true,"href":"https:\/\/atinainmobiliaria.com\/fr\/wp-json\/wp\/v2\/zone?post=109254"},{"taxonomy":"property-type","embeddable":true,"href":"https:\/\/atinainmobiliaria.com\/fr\/wp-json\/wp\/v2\/property-type?post=109254"},{"taxonomy":"property-state","embeddable":true,"href":"https:\/\/atinainmobiliaria.com\/fr\/wp-json\/wp\/v2\/property-state?post=109254"}],"curies":[{"name":"wp","href":"https:\/\/api.w.org\/{rel}","templated":true}]}}